{"id":1647,"date":"2017-09-11T17:01:02","date_gmt":"2017-09-11T15:01:02","guid":{"rendered":"http:\/\/ipe.hr\/en\/?page_id=1647"},"modified":"2020-07-27T00:46:35","modified_gmt":"2020-07-26T22:46:35","slug":"activity","status":"publish","type":"page","link":"https:\/\/ipe.hr\/en\/activity\/","title":{"rendered":"Activity"},"content":{"rendered":"<div class=\"pt-cv-wrapper\"><div class=\"dropdown btn-group pt-cv-filter-bar pull-left\" id=\"pt-cv-filter-bar-3605dec653-category\">\r\n\t\t\t\t<button class=\"btn  dropdown-toggle\" type=\"button\" data-toggle=\"dropdown\">FILTER TYPE OF ACTIVITY<span class=\"caret\"><\/span>\r\n\t\t\t\t<\/button>\r\n\t\t\t\t<ul class=\"dropdown-menu\" role=\"menu\">\r\n\t\t\t\t<li class=\"active\"><a href=\"#\" class=\"pt-cv-filter-option\" data-value=\"all\" data-sftype=\"dropdown\">FILTER TYPE OF ACTIVITY<\/a><\/li><li class=\"\"><a href=\"#\" class=\"pt-cv-filter-option\" data-value=\"category-1\" data-sftype=\"dropdown\">Activities<\/a><\/li><li class=\"\"><a href=\"#\" class=\"pt-cv-filter-option\" data-value=\"category-228\" data-sftype=\"dropdown\">Blog<\/a><\/li><li class=\"\"><a href=\"#\" class=\"pt-cv-filter-option\" data-value=\"category-19\" data-sftype=\"dropdown\">Discussions<\/a><\/li><li class=\"\"><a href=\"#\" class=\"pt-cv-filter-option\" data-value=\"category-4\" data-sftype=\"dropdown\">Events<\/a><\/li><li class=\"\"><a href=\"#\" class=\"pt-cv-filter-option\" data-value=\"category-16\" data-sftype=\"dropdown\">Green Academy<\/a><\/li><li class=\"\"><a href=\"#\" class=\"pt-cv-filter-option\" data-value=\"category-97\" data-sftype=\"dropdown\">IPE converses<\/a><\/li><li class=\"\"><a href=\"#\" class=\"pt-cv-filter-option\" data-value=\"category-73\" data-sftype=\"dropdown\">IPE cooperates<\/a><\/li><li class=\"\"><a href=\"#\" class=\"pt-cv-filter-option\" data-value=\"category-78\" data-sftype=\"dropdown\">IPE expands its team<\/a><\/li><li class=\"\"><a href=\"#\" class=\"pt-cv-filter-option\" data-value=\"category-75\" data-sftype=\"dropdown\">IPE Fellowship<\/a><\/li><li class=\"\"><a href=\"#\" class=\"pt-cv-filter-option\" data-value=\"category-216\" data-sftype=\"dropdown\">IPE Fellowship<\/a><\/li><li class=\"\"><a href=\"#\" class=\"pt-cv-filter-option\" data-value=\"category-71\" data-sftype=\"dropdown\">IPE organizes<\/a><\/li><li class=\"\"><a href=\"#\" class=\"pt-cv-filter-option\" data-value=\"category-72\" data-sftype=\"dropdown\">IPE participates<\/a><\/li><li class=\"\"><a href=\"#\" class=\"pt-cv-filter-option\" data-value=\"category-74\" data-sftype=\"dropdown\">IPE publishes<\/a><\/li><li class=\"\"><a href=\"#\" class=\"pt-cv-filter-option\" data-value=\"category-70\" data-sftype=\"dropdown\">IPE researches<\/a><\/li><li class=\"\"><a href=\"#\" class=\"pt-cv-filter-option\" data-value=\"category-15\" data-sftype=\"dropdown\">Multimedia<\/a><\/li>\r\n\t\t\t\t<\/ul>\r\n\t\t\t<\/div><div class=\"dropdown btn-group pt-cv-filter-bar pull-left\" id=\"pt-cv-filter-bar-3605dec653-post_tag\">\r\n\t\t\t\t<button class=\"btn  dropdown-toggle\" type=\"button\" data-toggle=\"dropdown\">FILTER THEMES \/ PEOPLE \/ PROJECTS<span class=\"caret\"><\/span>\r\n\t\t\t\t<\/button>\r\n\t\t\t\t<ul class=\"dropdown-menu\" role=\"menu\">\r\n\t\t\t\t<li class=\"active\"><a href=\"#\" class=\"pt-cv-filter-option\" data-value=\"all\" data-sftype=\"dropdown\">FILTER THEMES \/ PEOPLE \/ PROJECTS<\/a><\/li><li class=\"\"><a href=\"#\" class=\"pt-cv-filter-option\" data-value=\"post_tag-106\" data-sftype=\"dropdown\">Charlie Lott<\/a><\/li><li class=\"\"><a href=\"#\" class=\"pt-cv-filter-option\" data-value=\"post_tag-108\" data-sftype=\"dropdown\">Clara Dallaire Fortier<\/a><\/li><li class=\"\"><a href=\"#\" class=\"pt-cv-filter-option\" data-value=\"post_tag-105\" data-sftype=\"dropdown\">Clara L\u00e9a Dallaire-Fortier<\/a><\/li><li class=\"\"><a href=\"#\" class=\"pt-cv-filter-option\" data-value=\"post_tag-82\" data-sftype=\"dropdown\">Climate Justice<\/a><\/li><li class=\"\"><a href=\"#\" class=\"pt-cv-filter-option\" data-value=\"post_tag-87\" data-sftype=\"dropdown\">Commons<\/a><\/li><li class=\"\"><a href=\"#\" class=\"pt-cv-filter-option\" data-value=\"post_tag-91\" data-sftype=\"dropdown\">Danijela Dolenec<\/a><\/li><li class=\"\"><a href=\"#\" class=\"pt-cv-filter-option\" data-value=\"post_tag-85\" data-sftype=\"dropdown\">Degrowth<\/a><\/li><li class=\"\"><a href=\"#\" class=\"pt-cv-filter-option\" data-value=\"post_tag-220\" data-sftype=\"dropdown\">Degrowth Conference<\/a><\/li><li class=\"\"><a href=\"#\" class=\"pt-cv-filter-option\" data-value=\"post_tag-204\" data-sftype=\"dropdown\">Degrowth Donut<\/a><\/li><li class=\"\"><a href=\"#\" class=\"pt-cv-filter-option\" data-value=\"post_tag-233\" data-sftype=\"dropdown\">deliberation<\/a><\/li><li class=\"\"><a href=\"#\" class=\"pt-cv-filter-option\" data-value=\"post_tag-86\" data-sftype=\"dropdown\">Democratization of Public Services<\/a><\/li><li class=\"\"><a href=\"#\" class=\"pt-cv-filter-option\" data-value=\"post_tag-99\" data-sftype=\"dropdown\">Donut<\/a><\/li><li class=\"\"><a href=\"#\" class=\"pt-cv-filter-option\" data-value=\"post_tag-83\" data-sftype=\"dropdown\">Economy<\/a><\/li><li class=\"\"><a href=\"#\" class=\"pt-cv-filter-option\" data-value=\"post_tag-101\" data-sftype=\"dropdown\">Energy<\/a><\/li><li class=\"\"><a href=\"#\" class=\"pt-cv-filter-option\" data-value=\"post_tag-238\" data-sftype=\"dropdown\">Energy<\/a><\/li><li class=\"\"><a href=\"#\" class=\"pt-cv-filter-option\" data-value=\"post_tag-239\" data-sftype=\"dropdown\">fastforwarden<\/a><\/li><li class=\"\"><a href=\"#\" class=\"pt-cv-filter-option\" data-value=\"post_tag-199\" data-sftype=\"dropdown\">feminism<\/a><\/li><li class=\"\"><a href=\"#\" class=\"pt-cv-filter-option\" data-value=\"post_tag-208\" data-sftype=\"dropdown\">finished<\/a><\/li><li class=\"\"><a href=\"#\" class=\"pt-cv-filter-option\" data-value=\"post_tag-102\" data-sftype=\"dropdown\">Furman internship<\/a><\/li><li class=\"\"><a href=\"#\" class=\"pt-cv-filter-option\" data-value=\"post_tag-95\" data-sftype=\"dropdown\">Giacomo D'Alisa<\/a><\/li><li class=\"\"><a href=\"#\" class=\"pt-cv-filter-option\" data-value=\"post_tag-79\" data-sftype=\"dropdown\">Green Academy<\/a><\/li><li class=\"\"><a href=\"#\" class=\"pt-cv-filter-option\" data-value=\"post_tag-96\" data-sftype=\"dropdown\">Green Economy<\/a><\/li><li class=\"\"><a href=\"#\" class=\"pt-cv-filter-option\" data-value=\"post_tag-240\" data-sftype=\"dropdown\">GreenPaths<\/a><\/li><li class=\"\"><a href=\"#\" class=\"pt-cv-filter-option\" data-value=\"post_tag-80\" data-sftype=\"dropdown\">IPE Fellowship<\/a><\/li><li class=\"\"><a href=\"#\" class=\"pt-cv-filter-option\" data-value=\"post_tag-109\" data-sftype=\"dropdown\">Jenny Ufer<\/a><\/li><li class=\"\"><a href=\"#\" class=\"pt-cv-filter-option\" data-value=\"post_tag-211\" data-sftype=\"dropdown\">Just transition<\/a><\/li><li class=\"\"><a href=\"#\" class=\"pt-cv-filter-option\" data-value=\"post_tag-93\" data-sftype=\"dropdown\">Lilian Pungas<\/a><\/li><li class=\"\"><a href=\"#\" class=\"pt-cv-filter-option\" data-value=\"post_tag-94\" data-sftype=\"dropdown\">Logan Richardson<\/a><\/li><li class=\"\"><a href=\"#\" class=\"pt-cv-filter-option\" data-value=\"post_tag-214\" data-sftype=\"dropdown\">masculinities<\/a><\/li><li class=\"\"><a href=\"#\" class=\"pt-cv-filter-option\" data-value=\"post_tag-81\" data-sftype=\"dropdown\">Mladen Domazet<\/a><\/li><li class=\"\"><a href=\"#\" class=\"pt-cv-filter-option\" data-value=\"post_tag-92\" data-sftype=\"dropdown\">Municipalism<\/a><\/li><li class=\"\"><a href=\"#\" class=\"pt-cv-filter-option\" data-value=\"post_tag-203\" data-sftype=\"dropdown\">Nikolina Rajkovi\u0107<\/a><\/li><li class=\"\"><a href=\"#\" class=\"pt-cv-filter-option\" data-value=\"post_tag-217\" data-sftype=\"dropdown\">odrast<\/a><\/li><li class=\"\"><a href=\"#\" class=\"pt-cv-filter-option\" data-value=\"post_tag-219\" data-sftype=\"dropdown\">Pierre Smith Khanna<\/a><\/li><li class=\"\"><a href=\"#\" class=\"pt-cv-filter-option\" data-value=\"post_tag-190\" data-sftype=\"dropdown\">SRF<\/a><\/li><li class=\"\"><a href=\"#\" class=\"pt-cv-filter-option\" data-value=\"post_tag-84\" data-sftype=\"dropdown\">the Left<\/a><\/li><li class=\"\"><a href=\"#\" class=\"pt-cv-filter-option\" data-value=\"post_tag-205\" data-sftype=\"dropdown\">Tomislav Cik<\/a><\/li><li class=\"\"><a href=\"#\" class=\"pt-cv-filter-option\" data-value=\"post_tag-88\" data-sftype=\"dropdown\">Tomislav Toma\u0161evi\u0107<\/a><\/li><li class=\"\"><a href=\"#\" class=\"pt-cv-filter-option\" data-value=\"post_tag-90\" data-sftype=\"dropdown\">Trade Agreements<\/a><\/li><li class=\"\"><a href=\"#\" class=\"pt-cv-filter-option\" data-value=\"post_tag-89\" data-sftype=\"dropdown\">Vedran Horvat<\/a><\/li><li class=\"\"><a href=\"#\" class=\"pt-cv-filter-option\" data-value=\"post_tag-235\" data-sftype=\"dropdown\">We All<\/a><\/li>\r\n\t\t\t\t<\/ul>\r\n\t\t\t<\/div><div class=\"pt-cv-view pt-cv-grid pt-cv-colsys pt-cv-nolf pt-cv-sf\" id=\"pt-cv-view-3605dec653\"><div data-id=\"pt-cv-page-1\" class=\"pt-cv-page\" data-cvc=\"3\" data-sfop=\"and\"><div class=\"col-md-4 col-sm-12 col-xs-12 pt-cv-content-item pt-cv-1-col\" data-groups=\"category-1 category-19 post_tag-240 category-73 category-71 post_tag-211\" data-pid=\"7840\"><div class='pt-cv-ifield'><a href=\"https:\/\/ipe.hr\/en\/activities\/greenpaths-visioning-workshop-on-cres\/\" class=\"_self pt-cv-href-thumbnail pt-cv-thumb-default cvplbd\" target=\"_self\" ><img src=\"https:\/\/ipe.hr\/wp-content\/uploads\/2026\/03\/C3240036-7AB1-4BC4-B5E4-DB99CC024FA6_1_105_c.jpeg\" class=\"pt-cv-thumbnail img-none cvp-substitute no-lazyload \" alt=\"GreenPaths visioning workshop on Cres\" title=\"\" \/><\/a>\n<div class=\"pt-cv-meta-fields\"><span class=\"entry-date\"> <time datetime=\"2026-03-18T22:58:24+01:00\">18\/03\/2026<\/time><\/span><\/div>\n<h4 class=\"pt-cv-title\"><a href=\"https:\/\/ipe.hr\/en\/activities\/greenpaths-visioning-workshop-on-cres\/\" class=\"_self cvplbd\" target=\"_self\" >GreenPaths visioning workshop on Cres<\/a><\/h4>\n<div class=\"pt-cv-content\">With around 50 scholars, researchers, practitioners and activists from more than 10 European countries.<\/div><\/div><\/div>\n<div class=\"col-md-4 col-sm-12 col-xs-12 pt-cv-content-item pt-cv-1-col\" data-groups=\"category-1 category-19 post_tag-240 category-73 category-72 post_tag-211\" data-pid=\"7746\"><div class='pt-cv-ifield'><a href=\"https:\/\/ipe.hr\/en\/activities\/upside-down-of-green-transition\/\" class=\"_self pt-cv-href-thumbnail pt-cv-thumb-default cvplbd\" target=\"_self\" ><img width=\"770\" height=\"380\" src=\"https:\/\/ipe.hr\/wp-content\/uploads\/2026\/03\/amstcover.png\" class=\"pt-cv-thumbnail img-none no-lazyload \" alt=\"&quot;Upside Down&quot; of Green Transition\" loading=\"lazy\" \/><\/a>\n<div class=\"pt-cv-meta-fields\"><span class=\"entry-date\"> <time datetime=\"2026-03-18T22:40:50+01:00\">18\/03\/2026<\/time><\/span><\/div>\n<h4 class=\"pt-cv-title\"><a href=\"https:\/\/ipe.hr\/en\/activities\/upside-down-of-green-transition\/\" class=\"_self cvplbd\" target=\"_self\" >&#8220;Upside Down&#8221; of Green Transition<\/a><\/h4>\n<div class=\"pt-cv-content\">IPE at the \"Steering the Just Transition\" seminar of the GreenPaths project.<\/div><\/div><\/div>\n<div class=\"col-md-4 col-sm-12 col-xs-12 pt-cv-content-item pt-cv-1-col\" data-groups=\"category-1 post_tag-238 post_tag-239 category-73 category-70\" data-pid=\"7723\"><div class='pt-cv-ifield'><a href=\"https:\/\/ipe.hr\/en\/activities\/researching-good-conditions-for-energy-communities\/\" class=\"_self pt-cv-href-thumbnail pt-cv-thumb-default cvplbd\" target=\"_self\" ><img width=\"770\" height=\"440\" src=\"https:\/\/ipe.hr\/wp-content\/uploads\/2026\/01\/20251204_144817.png\" class=\"pt-cv-thumbnail img-none no-lazyload \" alt=\"Researching good conditions for energy communities\" loading=\"lazy\" \/><\/a>\n<div class=\"pt-cv-meta-fields\"><span class=\"entry-date\"> <time datetime=\"2025-12-15T22:25:00+01:00\">15\/12\/2025<\/time><\/span><\/div>\n<h4 class=\"pt-cv-title\"><a href=\"https:\/\/ipe.hr\/en\/activities\/researching-good-conditions-for-energy-communities\/\" class=\"_self cvplbd\" target=\"_self\" >Researching good conditions for energy communities<\/a><\/h4>\n<div class=\"pt-cv-content\">As part of Fast Forward Action project.<\/div><\/div><\/div>\n<div class=\"col-md-4 col-sm-12 col-xs-12 pt-cv-content-item pt-cv-1-col\" data-groups=\"category-1 category-19 post_tag-238 post_tag-239 category-73 category-71\" data-pid=\"7697\"><div class='pt-cv-ifield'><a href=\"https:\/\/ipe.hr\/en\/activities\/good-energy-2025-energy-communities-as-a-beacon-of-resilience\/\" class=\"_self pt-cv-href-thumbnail pt-cv-thumb-default cvplbd\" target=\"_self\" ><img width=\"1005\" height=\"574\" src=\"https:\/\/ipe.hr\/wp-content\/uploads\/2025\/11\/dobraenergkonf.png\" class=\"pt-cv-thumbnail img-none no-lazyload \" alt=\"Good Energy 2025: Energy Communities as a Beacon of Resilience\" loading=\"lazy\" \/><\/a>\n<div class=\"pt-cv-meta-fields\"><span class=\"entry-date\"> <time datetime=\"2025-11-07T16:03:00+01:00\">07\/11\/2025<\/time><\/span><\/div>\n<h4 class=\"pt-cv-title\"><a href=\"https:\/\/ipe.hr\/en\/activities\/good-energy-2025-energy-communities-as-a-beacon-of-resilience\/\" class=\"_self cvplbd\" target=\"_self\" >Good Energy 2025: Energy Communities as a Beacon of Resilience<\/a><\/h4>\n<div class=\"pt-cv-content\">Third Good Energy conference held, Fast Forward Action project presented.<\/div><\/div><\/div>\n<div class=\"col-md-4 col-sm-12 col-xs-12 pt-cv-content-item pt-cv-1-col\" data-groups=\"category-1 category-19 post_tag-101 post_tag-239 category-73\" data-pid=\"7639\"><div class='pt-cv-ifield'><a href=\"https:\/\/ipe.hr\/en\/activities\/third-edition-of-the-good-energy-conference\/\" class=\"_self pt-cv-href-thumbnail pt-cv-thumb-default cvplbd\" target=\"_self\" ><img width=\"1024\" height=\"586\" src=\"https:\/\/ipe.hr\/wp-content\/uploads\/2025\/10\/goodenergy.png\" class=\"pt-cv-thumbnail img-none no-lazyload \" alt=\"Third Edition of the Good Energy Conference!\" loading=\"lazy\" \/><\/a>\n<div class=\"pt-cv-meta-fields\"><span class=\"entry-date\"> <time datetime=\"2025-10-03T23:00:00+02:00\">03\/10\/2025<\/time><\/span><\/div>\n<h4 class=\"pt-cv-title\"><a href=\"https:\/\/ipe.hr\/en\/activities\/third-edition-of-the-good-energy-conference\/\" class=\"_self cvplbd\" target=\"_self\" >Third Edition of the Good Energy Conference!<\/a><\/h4>\n<div class=\"pt-cv-content\">IPE is one of the partners of the conference entitled \"Re-Arm With Good Energy\", taking place on October 23.<\/div><\/div><\/div>\n<div class=\"col-md-4 col-sm-12 col-xs-12 pt-cv-content-item pt-cv-1-col\" data-groups=\"category-1 category-19 category-71 post_tag-235\" data-pid=\"7625\"><div class='pt-cv-ifield'><a href=\"https:\/\/ipe.hr\/en\/activities\/sign-up-for-the-cities-beyond-growth-course\/\" class=\"_self pt-cv-href-thumbnail pt-cv-thumb-default cvplbd\" target=\"_self\" ><img width=\"1490\" height=\"852\" src=\"https:\/\/ipe.hr\/wp-content\/uploads\/2025\/10\/cbgBANNER.png\" class=\"pt-cv-thumbnail img-none no-lazyload \" alt=\"Sign up for the Cities Beyond Growth course!\" loading=\"lazy\" \/><\/a>\n<div class=\"pt-cv-meta-fields\"><span class=\"entry-date\"> <time datetime=\"2025-09-24T22:42:00+02:00\">24\/09\/2025<\/time><\/span><\/div>\n<h4 class=\"pt-cv-title\"><a href=\"https:\/\/ipe.hr\/en\/activities\/sign-up-for-the-cities-beyond-growth-course\/\" class=\"_self cvplbd\" target=\"_self\" >Sign up for the Cities Beyond Growth course!<\/a><\/h4>\n<div class=\"pt-cv-content\">A free six-week online course, taking place from October 8 to November 12.<\/div><\/div><\/div>\n<div class=\"col-md-4 col-sm-12 col-xs-12 pt-cv-content-item pt-cv-1-col\" data-groups=\"category-1 post_tag-233 category-19 category-74\" data-pid=\"7551\"><div class='pt-cv-ifield'><a href=\"https:\/\/ipe.hr\/en\/activities\/new-publication-citizens-assemblies-and-the-european-green-deal-a-perfect-mismatch\/\" class=\"_self pt-cv-href-thumbnail pt-cv-thumb-default cvplbd\" target=\"_self\" ><img width=\"1294\" height=\"803\" src=\"https:\/\/ipe.hr\/wp-content\/uploads\/2025\/05\/citizen-assemblies.png\" class=\"pt-cv-thumbnail img-none no-lazyload \" alt=\"New publication: &quot;Citizens\u2019 Assemblies and the European Green Deal: A Perfect (Mis)Match?&quot;\" loading=\"lazy\" \/><\/a>\n<div class=\"pt-cv-meta-fields\"><span class=\"entry-date\"> <time datetime=\"2025-05-09T18:30:38+02:00\">09\/05\/2025<\/time><\/span><\/div>\n<h4 class=\"pt-cv-title\"><a href=\"https:\/\/ipe.hr\/en\/activities\/new-publication-citizens-assemblies-and-the-european-green-deal-a-perfect-mismatch\/\" class=\"_self cvplbd\" target=\"_self\" >New publication: &#8220;Citizens\u2019 Assemblies and the European Green Deal: A Perfect (Mis)Match?&#8221;<\/a><\/h4>\n<div class=\"pt-cv-content\">On theory and practice of citizens' assemblies, and the European Green Plan.<\/div><\/div><\/div>\n<div class=\"col-md-4 col-sm-12 col-xs-12 pt-cv-content-item pt-cv-1-col\" data-groups=\"category-1 post_tag-85 category-19 category-74 post_tag-89\" data-pid=\"7507\"><div class='pt-cv-ifield'><a href=\"https:\/\/ipe.hr\/en\/activities\/new-publication-post-growth-futures-new-voices-novel-visions\/\" class=\"_self pt-cv-href-thumbnail pt-cv-thumb-default cvplbd\" target=\"_self\" ><img width=\"770\" height=\"380\" src=\"https:\/\/ipe.hr\/wp-content\/uploads\/2025\/03\/naslovna.png\" class=\"pt-cv-thumbnail img-none no-lazyload \" alt=\"New publication: &quot;Post-Growth Future(s): New Voices, Novel Visions&quot;\" loading=\"lazy\" \/><\/a>\n<div class=\"pt-cv-meta-fields\"><span class=\"entry-date\"> <time datetime=\"2025-03-17T19:59:18+01:00\">17\/03\/2025<\/time><\/span><\/div>\n<h4 class=\"pt-cv-title\"><a href=\"https:\/\/ipe.hr\/en\/activities\/new-publication-post-growth-futures-new-voices-novel-visions\/\" class=\"_self cvplbd\" target=\"_self\" >New publication: &#8220;Post-Growth Future(s): New Voices, Novel Visions&#8221;<\/a><\/h4>\n<div class=\"pt-cv-content\">15 texts on post-growth futures by young post-growth and degrowth thinkers.<\/div><\/div><\/div>\n<div class=\"col-md-4 col-sm-12 col-xs-12 pt-cv-content-item pt-cv-1-col\" data-groups=\"category-1 post_tag-85 category-19 category-73 post_tag-89 post_tag-235\" data-pid=\"7496\"><div class='pt-cv-ifield'><a href=\"https:\/\/ipe.hr\/en\/activities\/weall-project-kicked-off\/\" class=\"_self pt-cv-href-thumbnail pt-cv-thumb-default cvplbd\" target=\"_self\" ><img width=\"770\" height=\"380\" src=\"https:\/\/ipe.hr\/wp-content\/uploads\/2025\/03\/weall.png\" class=\"pt-cv-thumbnail img-none no-lazyload \" alt=\"WeAll project kicked off!\" loading=\"lazy\" \/><\/a>\n<div class=\"pt-cv-meta-fields\"><span class=\"entry-date\"> <time datetime=\"2024-11-29T19:39:35+01:00\">29\/11\/2024<\/time><\/span><\/div>\n<h4 class=\"pt-cv-title\"><a href=\"https:\/\/ipe.hr\/en\/activities\/weall-project-kicked-off\/\" class=\"_self cvplbd\" target=\"_self\" >WeAll project kicked off!<\/a><\/h4>\n<div class=\"pt-cv-content\">The start of Erasmus+ project Wellbeing for All: Building Climate Resilient Cities Together (We All).<\/div><\/div><\/div>\n<div class=\"col-md-4 col-sm-12 col-xs-12 pt-cv-content-item pt-cv-1-col\" data-groups=\"category-1 category-19 category-16 post_tag-79 category-71 post_tag-89\" data-pid=\"7449\"><div class='pt-cv-ifield'><a href=\"https:\/\/ipe.hr\/en\/activities\/for-the-ninth-time-a-successful-green-academy\/\" class=\"_self pt-cv-href-thumbnail pt-cv-thumb-default cvplbd\" target=\"_self\" ><img width=\"1000\" height=\"493\" src=\"https:\/\/ipe.hr\/wp-content\/uploads\/2024\/10\/zajednicka.jpg\" class=\"pt-cv-thumbnail img-none no-lazyload \" alt=\"For the ninth time, a successful Green Academy!\" loading=\"lazy\" \/><\/a>\n<div class=\"pt-cv-meta-fields\"><span class=\"entry-date\"> <time datetime=\"2024-09-16T11:00:23+02:00\">16\/09\/2024<\/time><\/span><\/div>\n<h4 class=\"pt-cv-title\"><a href=\"https:\/\/ipe.hr\/en\/activities\/for-the-ninth-time-a-successful-green-academy\/\" class=\"_self cvplbd\" target=\"_self\" >For the ninth time, a successful Green Academy!<\/a><\/h4>\n<div class=\"pt-cv-content\">\"Stay With the Trouble!\" in Komi\u017ea.<\/div><\/div><\/div>\n<div class=\"col-md-4 col-sm-12 col-xs-12 pt-cv-content-item pt-cv-1-col\" data-groups=\"category-1 category-16 post_tag-79 category-71\" data-pid=\"7408\"><div class='pt-cv-ifield'><a href=\"https:\/\/ipe.hr\/en\/activities\/green-academy-2024-keynote-speakers\/\" class=\"_self pt-cv-href-thumbnail pt-cv-thumb-default cvplbd\" target=\"_self\" ><img width=\"770\" height=\"380\" src=\"https:\/\/ipe.hr\/wp-content\/uploads\/2024\/08\/web-cover.png\" class=\"pt-cv-thumbnail img-none no-lazyload \" alt=\"Green Academy 2024 keynote speakers\" loading=\"lazy\" \/><\/a>\n<div class=\"pt-cv-meta-fields\"><span class=\"entry-date\"> <time datetime=\"2024-08-16T15:30:05+02:00\">16\/08\/2024<\/time><\/span><\/div>\n<h4 class=\"pt-cv-title\"><a href=\"https:\/\/ipe.hr\/en\/activities\/green-academy-2024-keynote-speakers\/\" class=\"_self cvplbd\" target=\"_self\" >Green Academy 2024 keynote speakers<\/a><\/h4>\n<div class=\"pt-cv-content\">We're happy to introduce our 2024 keynote speakers!<\/div><\/div><\/div>\n<div class=\"col-md-4 col-sm-12 col-xs-12 pt-cv-content-item pt-cv-1-col\" data-groups=\"category-1 category-19 category-4 category-16 post_tag-79 category-71\" data-pid=\"7390\"><div class='pt-cv-ifield'><a href=\"https:\/\/ipe.hr\/en\/activities\/green-academy-2024-stay-with-the-trouble-is-on-its-way\/\" class=\"_self pt-cv-href-thumbnail pt-cv-thumb-default cvplbd\" target=\"_self\" ><img width=\"770\" height=\"380\" src=\"https:\/\/ipe.hr\/wp-content\/uploads\/2024\/08\/web-cover.png\" class=\"pt-cv-thumbnail img-none no-lazyload \" alt=\"Green Academy 2024 - &quot;Stay With the Trouble!&quot; - is on its way!\" loading=\"lazy\" \/><\/a>\n<div class=\"pt-cv-meta-fields\"><span class=\"entry-date\"> <time datetime=\"2024-08-02T13:31:14+02:00\">02\/08\/2024<\/time><\/span><\/div>\n<h4 class=\"pt-cv-title\"><a href=\"https:\/\/ipe.hr\/en\/activities\/green-academy-2024-stay-with-the-trouble-is-on-its-way\/\" class=\"_self cvplbd\" target=\"_self\" >Green Academy 2024 &#8211; &#8220;Stay With the Trouble!&#8221; &#8211; is on its way!<\/a><\/h4>\n<div class=\"pt-cv-content\">August 24 to 28 in Komi\u017ea.<\/div><\/div><\/div>\n<div class=\"col-md-4 col-sm-12 col-xs-12 pt-cv-content-item pt-cv-1-col\" data-groups=\"category-1 category-73 category-70 post_tag-211 post_tag-89\" data-pid=\"6649\"><div class='pt-cv-ifield'><a href=\"https:\/\/ipe.hr\/en\/activities\/greenpaths-project-kicked-off\/\" class=\"_self pt-cv-href-thumbnail pt-cv-thumb-default cvplbd\" target=\"_self\" ><img width=\"986\" height=\"494\" src=\"https:\/\/ipe.hr\/wp-content\/uploads\/2023\/10\/GREENPATH-Kick-off_Group-Image_all.png\" class=\"pt-cv-thumbnail img-none no-lazyload \" alt=\"GREENPATHS project kicked off!\" loading=\"lazy\" \/><\/a>\n<div class=\"pt-cv-meta-fields\"><span class=\"entry-date\"> <time datetime=\"2023-10-20T11:39:53+02:00\">20\/10\/2023<\/time><\/span><\/div>\n<h4 class=\"pt-cv-title\"><a href=\"https:\/\/ipe.hr\/en\/activities\/greenpaths-project-kicked-off\/\" class=\"_self cvplbd\" target=\"_self\" >GREENPATHS project kicked off!<\/a><\/h4>\n<div class=\"pt-cv-content\">For the next three years we'll be worker on GREENPATHS - European Knowledge Hub on Just Transition Pathways!<\/div><\/div><\/div>\n<div class=\"col-md-4 col-sm-12 col-xs-12 pt-cv-content-item pt-cv-1-col\" data-groups=\"category-1 post_tag-85 post_tag-220 category-4 category-73 category-71\" data-pid=\"6495\"><div class='pt-cv-ifield'><a href=\"https:\/\/ipe.hr\/en\/activities\/ipe-is-organizing-the-9th-international-degrowth-conference-in-zagreb\/\" class=\"_self pt-cv-href-thumbnail pt-cv-thumb-default cvplbd\" target=\"_self\" ><img width=\"1024\" height=\"512\" src=\"https:\/\/ipe.hr\/wp-content\/uploads\/2022\/09\/ipewebdg.png\" class=\"pt-cv-thumbnail img-none no-lazyload \" alt=\"IPE is organizing the 9th International Degrowth Conference in Zagreb!\" loading=\"lazy\" \/><\/a>\n<div class=\"pt-cv-meta-fields\"><span class=\"entry-date\"> <time datetime=\"2022-09-16T12:44:21+02:00\">16\/09\/2022<\/time><\/span><\/div>\n<h4 class=\"pt-cv-title\"><a href=\"https:\/\/ipe.hr\/en\/activities\/ipe-is-organizing-the-9th-international-degrowth-conference-in-zagreb\/\" class=\"_self cvplbd\" target=\"_self\" >IPE is organizing the 9th International Degrowth Conference in Zagreb!<\/a><\/h4>\n<div class=\"pt-cv-content\">Save the date: from August 29 to September 2 2023!<\/div><\/div><\/div>\n<div class=\"col-md-4 col-sm-12 col-xs-12 pt-cv-content-item pt-cv-1-col\" data-groups=\"category-1 category-16 post_tag-79\" data-pid=\"6487\"><div class='pt-cv-ifield'><a href=\"https:\/\/ipe.hr\/en\/activities\/final-green-academy-program-is-here\/\" class=\"_self pt-cv-href-thumbnail pt-cv-thumb-default cvplbd\" target=\"_self\" ><img width=\"770\" height=\"380\" src=\"https:\/\/ipe.hr\/wp-content\/uploads\/2022\/07\/webga.png\" class=\"pt-cv-thumbnail img-none no-lazyload \" alt=\"The final Green Academy 2022 program is here!\" loading=\"lazy\" \/><\/a>\n<div class=\"pt-cv-meta-fields\"><span class=\"entry-date\"> <time datetime=\"2022-08-25T00:09:36+02:00\">25\/08\/2022<\/time><\/span><\/div>\n<h4 class=\"pt-cv-title\"><a href=\"https:\/\/ipe.hr\/en\/activities\/final-green-academy-program-is-here\/\" class=\"_self cvplbd\" target=\"_self\" >The final Green Academy 2022 program is here!<\/a><\/h4>\n<div class=\"pt-cv-content\">Our agenda for August 27-31!<\/div><\/div><\/div>\n<div class=\"col-md-4 col-sm-12 col-xs-12 pt-cv-content-item pt-cv-1-col\" data-groups=\"category-16 post_tag-79\" data-pid=\"6465\"><div class='pt-cv-ifield'><a href=\"https:\/\/ipe.hr\/en\/green-academy\/first-version-of-the-green-academy-2022-program\/\" class=\"_self pt-cv-href-thumbnail pt-cv-thumb-default cvplbd\" target=\"_self\" ><img width=\"770\" height=\"380\" src=\"https:\/\/ipe.hr\/wp-content\/uploads\/2022\/07\/webga.png\" class=\"pt-cv-thumbnail img-none no-lazyload \" alt=\"First version of the Green Academy 2022 program!\" loading=\"lazy\" \/><\/a>\n<div class=\"pt-cv-meta-fields\"><span class=\"entry-date\"> <time datetime=\"2022-08-10T13:23:15+02:00\">10\/08\/2022<\/time><\/span><\/div>\n<h4 class=\"pt-cv-title\"><a href=\"https:\/\/ipe.hr\/en\/green-academy\/first-version-of-the-green-academy-2022-program\/\" class=\"_self cvplbd\" target=\"_self\" >First version of the Green Academy 2022 program!<\/a><\/h4>\n<div class=\"pt-cv-content\">The tentative version of our \"Archipelagos in Movement\" agenda.<\/div><\/div><\/div>\n<div class=\"col-md-4 col-sm-12 col-xs-12 pt-cv-content-item pt-cv-1-col\" data-groups=\"category-1 category-16 post_tag-79\" data-pid=\"6438\"><div class='pt-cv-ifield'><a href=\"https:\/\/ipe.hr\/en\/activities\/green-academy-2022-call-for-sessions\/\" class=\"_self pt-cv-href-thumbnail pt-cv-thumb-default cvplbd\" target=\"_self\" ><img width=\"770\" height=\"380\" src=\"https:\/\/ipe.hr\/wp-content\/uploads\/2022\/07\/webcall.png\" class=\"pt-cv-thumbnail img-none no-lazyload \" alt=\"Green Academy 2022: Call for Sessions!\" loading=\"lazy\" \/><\/a>\n<div class=\"pt-cv-meta-fields\"><span class=\"entry-date\"> <time datetime=\"2022-07-15T13:05:27+02:00\">15\/07\/2022<\/time><\/span><\/div>\n<h4 class=\"pt-cv-title\"><a href=\"https:\/\/ipe.hr\/en\/activities\/green-academy-2022-call-for-sessions\/\" class=\"_self cvplbd\" target=\"_self\" >Green Academy 2022: Call for Sessions!<\/a><\/h4>\n<div class=\"pt-cv-content\">The deadline is July 30!<\/div><\/div><\/div>\n<div class=\"col-md-4 col-sm-12 col-xs-12 pt-cv-content-item pt-cv-1-col\" data-groups=\"category-4 category-16 post_tag-79\" data-pid=\"6435\"><div class='pt-cv-ifield'><a href=\"https:\/\/ipe.hr\/en\/events\/green-academy-2022-archipelagos-in-movement\/\" class=\"_self pt-cv-href-thumbnail pt-cv-thumb-default cvplbd\" target=\"_self\" ><img width=\"770\" height=\"380\" src=\"https:\/\/ipe.hr\/wp-content\/uploads\/2022\/07\/webga.png\" class=\"pt-cv-thumbnail img-none no-lazyload \" alt=\"Green Academy 2022: &quot;Archipelagos in Movement&quot;!\" loading=\"lazy\" \/><\/a>\n<div class=\"pt-cv-meta-fields\"><span class=\"entry-date\"> <time datetime=\"2022-07-15T12:44:37+02:00\">15\/07\/2022<\/time><\/span><\/div>\n<h4 class=\"pt-cv-title\"><a href=\"https:\/\/ipe.hr\/en\/events\/green-academy-2022-archipelagos-in-movement\/\" class=\"_self cvplbd\" target=\"_self\" >Green Academy 2022: &#8220;Archipelagos in Movement&#8221;!<\/a><\/h4>\n<div class=\"pt-cv-content\">The Academy will take place from August 27 to 31 in Komi\u017ea, Vis!<\/div><\/div><\/div>\n<div class=\"col-md-4 col-sm-12 col-xs-12 pt-cv-content-item pt-cv-1-col\" data-groups=\"category-1 post_tag-85 category-75 category-70 post_tag-214\" data-pid=\"6217\"><div class='pt-cv-ifield'><a href=\"https:\/\/ipe.hr\/en\/activities\/sustainable-masculinites-and-degrowth\/\" class=\"_self pt-cv-href-thumbnail pt-cv-thumb-default cvplbd\" target=\"_self\" ><img width=\"770\" height=\"380\" src=\"https:\/\/ipe.hr\/wp-content\/uploads\/2022\/01\/susmascweb.png\" class=\"pt-cv-thumbnail img-none no-lazyload \" alt=\"Sustainable Masculinites and Degrowth\" loading=\"lazy\" \/><\/a>\n<div class=\"pt-cv-meta-fields\"><span class=\"entry-date\"> <time datetime=\"2022-01-25T13:28:40+01:00\">25\/01\/2022<\/time><\/span><\/div>\n<h4 class=\"pt-cv-title\"><a href=\"https:\/\/ipe.hr\/en\/activities\/sustainable-masculinites-and-degrowth\/\" class=\"_self cvplbd\" target=\"_self\" >Sustainable Masculinites and Degrowth<\/a><\/h4>\n<div class=\"pt-cv-content\">Read the paper Pierre Smith Khanna wrote as part of his IPE Junior Research Fellowship.<\/div><\/div><\/div>\n<div class=\"col-md-4 col-sm-12 col-xs-12 pt-cv-content-item pt-cv-1-col\" data-groups=\"category-1 category-4 category-71 post_tag-92\" data-pid=\"6169\"><div class='pt-cv-ifield'><a href=\"https:\/\/ipe.hr\/en\/activities\/new-school-for-new-city\/\" class=\"_self pt-cv-href-thumbnail pt-cv-thumb-default cvplbd\" target=\"_self\" ><img width=\"770\" height=\"380\" src=\"https:\/\/ipe.hr\/wp-content\/uploads\/2021\/12\/nsnc3web.png\" class=\"pt-cv-thumbnail img-none no-lazyload \" alt=\"New School for New City\" loading=\"lazy\" \/><\/a>\n<div class=\"pt-cv-meta-fields\"><span class=\"entry-date\"> <time datetime=\"2021-12-13T19:04:55+01:00\">13\/12\/2021<\/time><\/span><\/div>\n<h4 class=\"pt-cv-title\"><a href=\"https:\/\/ipe.hr\/en\/activities\/new-school-for-new-city\/\" class=\"_self cvplbd\" target=\"_self\" >New School for New City<\/a><\/h4>\n<div class=\"pt-cv-content\">Join us December 14-16!<\/div><\/div><\/div>\n<div class=\"col-md-4 col-sm-12 col-xs-12 pt-cv-content-item pt-cv-1-col\" data-groups=\"category-1 category-4 category-73 post_tag-92\" data-pid=\"6163\"><div class='pt-cv-ifield'><a href=\"https:\/\/ipe.hr\/en\/activities\/turning-over-a-new-leaf\/\" class=\"_self pt-cv-href-thumbnail pt-cv-thumb-default cvplbd\" target=\"_self\" ><img width=\"770\" height=\"380\" src=\"https:\/\/ipe.hr\/wp-content\/uploads\/2021\/11\/TURNINGweb.png\" class=\"pt-cv-thumbnail img-none no-lazyload \" alt=\"Turning Over a New Leaf\" loading=\"lazy\" \/><\/a>\n<div class=\"pt-cv-meta-fields\"><span class=\"entry-date\"> <time datetime=\"2021-11-26T18:30:20+01:00\">26\/11\/2021<\/time><\/span><\/div>\n<h4 class=\"pt-cv-title\"><a href=\"https:\/\/ipe.hr\/en\/activities\/turning-over-a-new-leaf\/\" class=\"_self cvplbd\" target=\"_self\" >Turning Over a New Leaf<\/a><\/h4>\n<div class=\"pt-cv-content\">A webinar on Zagreb as part of the GEF project Cities as Places of Hope - December 1, 2021!<\/div><\/div><\/div>\n<div class=\"col-md-4 col-sm-12 col-xs-12 pt-cv-content-item pt-cv-1-col\" data-groups=\"category-1 category-16 post_tag-79 category-71 post_tag-211\" data-pid=\"6146\"><div class='pt-cv-ifield'><a href=\"https:\/\/ipe.hr\/en\/activities\/green-academy-winter-seminar-2021-just-transition-for-all\/\" class=\"_self pt-cv-href-thumbnail pt-cv-thumb-default cvplbd\" target=\"_self\" ><img width=\"770\" height=\"380\" src=\"https:\/\/ipe.hr\/wp-content\/uploads\/2021\/10\/ga20214-1.jpg\" class=\"pt-cv-thumbnail img-none no-lazyload \" alt=\"Green Academy Winter Seminar 2021 - Just Transition for All?\" loading=\"lazy\" \/><\/a>\n<div class=\"pt-cv-meta-fields\"><span class=\"entry-date\"> <time datetime=\"2021-10-07T12:39:16+02:00\">07\/10\/2021<\/time><\/span><\/div>\n<h4 class=\"pt-cv-title\"><a href=\"https:\/\/ipe.hr\/en\/activities\/green-academy-winter-seminar-2021-just-transition-for-all\/\" class=\"_self cvplbd\" target=\"_self\" >Green Academy Winter Seminar 2021 &#8211; Just Transition for All?<\/a><\/h4>\n<div class=\"pt-cv-content\">The Seminar will take place October 8-10 on the Brijuni Islands!<\/div><\/div><\/div>\n<div class=\"col-md-4 col-sm-12 col-xs-12 pt-cv-content-item pt-cv-1-col\" data-groups=\"category-1 post_tag-85 category-75 post_tag-80\" data-pid=\"5819\"><div class='pt-cv-ifield'><a href=\"https:\/\/ipe.hr\/en\/activities\/call-for-applications-2021-ipe-junior-research-fellowship\/\" class=\"_self pt-cv-href-thumbnail pt-cv-thumb-default cvplbd\" target=\"_self\" ><img width=\"1864\" height=\"1152\" src=\"https:\/\/ipe.hr\/wp-content\/uploads\/2021\/03\/jrf2021.png\" class=\"pt-cv-thumbnail img-none no-lazyload \" alt=\"Call for Applications: 2021 IPE Junior Research Fellowship\" loading=\"lazy\" \/><\/a>\n<div class=\"pt-cv-meta-fields\"><span class=\"entry-date\"> <time datetime=\"2021-03-08T12:59:08+01:00\">08\/03\/2021<\/time><\/span><\/div>\n<h4 class=\"pt-cv-title\"><a href=\"https:\/\/ipe.hr\/en\/activities\/call-for-applications-2021-ipe-junior-research-fellowship\/\" class=\"_self cvplbd\" target=\"_self\" >Call for Applications: 2021 IPE Junior Research Fellowship<\/a><\/h4>\n<div class=\"pt-cv-content\">Accepting applications until May 3 2021!<\/div><\/div><\/div>\n<div class=\"col-md-4 col-sm-12 col-xs-12 pt-cv-content-item pt-cv-1-col\" data-groups=\"post_tag-204 category-19 post_tag-205\" data-pid=\"5795\"><div class='pt-cv-ifield'><a href=\"https:\/\/ipe.hr\/en\/discussions\/fitting-croatia-within-the-donut-discussion-conclusion\/\" class=\"_self pt-cv-href-thumbnail pt-cv-thumb-default cvplbd\" target=\"_self\" ><img width=\"2000\" height=\"1333\" src=\"https:\/\/ipe.hr\/wp-content\/uploads\/2021\/03\/4O4A8310-1.jpg\" class=\"pt-cv-thumbnail img-none no-lazyload \" alt=\"Fitting Croatia within the Donut: Discussion &amp; conclusion\" loading=\"lazy\" \/><\/a>\n<div class=\"pt-cv-meta-fields\"><span class=\"entry-date\"> <time datetime=\"2021-03-04T12:01:31+01:00\">04\/03\/2021<\/time><\/span><\/div>\n<h4 class=\"pt-cv-title\"><a href=\"https:\/\/ipe.hr\/en\/discussions\/fitting-croatia-within-the-donut-discussion-conclusion\/\" class=\"_self cvplbd\" target=\"_self\" >Fitting Croatia within the Donut: Discussion &#038; conclusion<\/a><\/h4>\n<div class=\"pt-cv-content\">Here is the final discussion of local Croatian degrowth donuts.<\/div><\/div><\/div>\n<div class=\"col-md-4 col-sm-12 col-xs-12 pt-cv-content-item pt-cv-1-col\" data-groups=\"post_tag-204 category-19\" data-pid=\"5714\"><div class='pt-cv-ifield'><a href=\"https:\/\/ipe.hr\/en\/discussions\/fitting-croatia-within-the-donut-the-4-cities\/\" class=\"_self pt-cv-href-thumbnail pt-cv-thumb-default cvplbd\" target=\"_self\" ><img width=\"2000\" height=\"1333\" src=\"https:\/\/ipe.hr\/wp-content\/uploads\/2021\/02\/4O4A8396.jpg\" class=\"pt-cv-thumbnail img-none no-lazyload \" alt=\"Fitting Croatia within the Donut: The four cities\" loading=\"lazy\" \/><\/a>\n<div class=\"pt-cv-meta-fields\"><span class=\"entry-date\"> <time datetime=\"2021-03-01T16:39:42+01:00\">01\/03\/2021<\/time><\/span><\/div>\n<h4 class=\"pt-cv-title\"><a href=\"https:\/\/ipe.hr\/en\/discussions\/fitting-croatia-within-the-donut-the-4-cities\/\" class=\"_self cvplbd\" target=\"_self\" >Fitting Croatia within the Donut: The four cities<\/a><\/h4>\n<div class=\"pt-cv-content\">Read about degrowth donuts for Zagreb, Slavonski Brod, Gospi\u0107 and Zadar!<\/div><\/div><\/div>\n<div class=\"col-md-4 col-sm-12 col-xs-12 pt-cv-content-item pt-cv-1-col\" data-groups=\"category-19\" data-pid=\"5624\"><div class='pt-cv-ifield'><a href=\"https:\/\/ipe.hr\/en\/discussions\/fitting-croatia-within-the-donut-introduction\/\" class=\"_self pt-cv-href-thumbnail pt-cv-thumb-default cvplbd\" target=\"_self\" ><img width=\"2000\" height=\"1333\" src=\"https:\/\/ipe.hr\/wp-content\/uploads\/2021\/02\/4O4A8353.jpg\" class=\"pt-cv-thumbnail img-none no-lazyload \" alt=\"Fitting Croatia within the Donut: Introduction\" loading=\"lazy\" \/><\/a>\n<div class=\"pt-cv-meta-fields\"><span class=\"entry-date\"> <time datetime=\"2021-02-17T18:04:04+01:00\">17\/02\/2021<\/time><\/span><\/div>\n<h4 class=\"pt-cv-title\"><a href=\"https:\/\/ipe.hr\/en\/discussions\/fitting-croatia-within-the-donut-introduction\/\" class=\"_self cvplbd\" target=\"_self\" >Fitting Croatia within the Donut: Introduction<\/a><\/h4>\n<div class=\"pt-cv-content\">A selection from our 2020 JRF's paper on downscaling the Degrowth Donut model.<\/div><\/div><\/div>\n<div class=\"col-md-4 col-sm-12 col-xs-12 pt-cv-content-item pt-cv-1-col\" data-groups=\"post_tag-82 category-73\" data-pid=\"5390\"><div class='pt-cv-ifield'><a href=\"https:\/\/ipe.hr\/en\/ipe-cooperates\/local-climate-justice-activism-in-central-and-eastern-europe\/\" class=\"_self pt-cv-href-thumbnail pt-cv-thumb-default cvplbd\" target=\"_self\" ><img width=\"770\" height=\"380\" src=\"https:\/\/ipe.hr\/wp-content\/uploads\/2020\/08\/climju.png\" class=\"pt-cv-thumbnail img-none no-lazyload \" alt=\"Local Climate Justice Activism in Central and Eastern Europe\" loading=\"lazy\" \/><\/a>\n<div class=\"pt-cv-meta-fields\"><span class=\"entry-date\"> <time datetime=\"2020-08-14T14:36:11+02:00\">14\/08\/2020<\/time><\/span><\/div>\n<h4 class=\"pt-cv-title\"><a href=\"https:\/\/ipe.hr\/en\/ipe-cooperates\/local-climate-justice-activism-in-central-and-eastern-europe\/\" class=\"_self cvplbd\" target=\"_self\" >Local Climate Justice Activism in Central and Eastern Europe<\/a><\/h4>\n<div class=\"pt-cv-content\">Apply with your projects until September 15!<\/div><\/div><\/div>\n<div class=\"col-md-4 col-sm-12 col-xs-12 pt-cv-content-item pt-cv-1-col\" data-groups=\"post_tag-82 post_tag-85 category-16 post_tag-79 category-71 post_tag-92\" data-pid=\"5365\"><div class='pt-cv-ifield'><a href=\"https:\/\/ipe.hr\/en\/green-academy\/green-academy-the-future-is-ours-program\/\" class=\"_self pt-cv-href-thumbnail pt-cv-thumb-default cvplbd\" target=\"_self\" ><img width=\"770\" height=\"380\" src=\"https:\/\/ipe.hr\/wp-content\/uploads\/2020\/08\/konceptc.png\" class=\"pt-cv-thumbnail img-none no-lazyload \" alt=\"Green Academy &quot;The Future is Ours&quot; program\" loading=\"lazy\" \/><\/a>\n<div class=\"pt-cv-meta-fields\"><span class=\"entry-date\"> <time datetime=\"2020-08-13T18:26:33+02:00\">13\/08\/2020<\/time><\/span><\/div>\n<h4 class=\"pt-cv-title\"><a href=\"https:\/\/ipe.hr\/en\/green-academy\/green-academy-the-future-is-ours-program\/\" class=\"_self cvplbd\" target=\"_self\" >Green Academy &#8220;The Future is Ours&#8221; program<\/a><\/h4>\n<div class=\"pt-cv-content\">Check out what we'll be doing in Komi\u017ea!<\/div><\/div><\/div>\n<div class=\"col-md-4 col-sm-12 col-xs-12 pt-cv-content-item pt-cv-1-col\" data-groups=\"category-1 post_tag-82 post_tag-85 category-16 post_tag-79 category-71 post_tag-92\" data-pid=\"5247\"><div class='pt-cv-ifield'><a href=\"https:\/\/ipe.hr\/en\/activities\/call-for-applications-for-the-2020-green-academy\/\" class=\"_self pt-cv-href-thumbnail pt-cv-thumb-default cvplbd\" target=\"_self\" ><img width=\"770\" height=\"380\" src=\"https:\/\/ipe.hr\/wp-content\/uploads\/2020\/08\/call-770.png\" class=\"pt-cv-thumbnail img-none no-lazyload \" alt=\"Call for applications for the 2020 Green Academy!\" loading=\"lazy\" \/><\/a>\n<div class=\"pt-cv-meta-fields\"><span class=\"entry-date\"> <time datetime=\"2020-08-11T15:49:18+02:00\">11\/08\/2020<\/time><\/span><\/div>\n<h4 class=\"pt-cv-title\"><a href=\"https:\/\/ipe.hr\/en\/activities\/call-for-applications-for-the-2020-green-academy\/\" class=\"_self cvplbd\" target=\"_self\" >Call for applications for the 2020 Green Academy!<\/a><\/h4>\n<div class=\"pt-cv-content\">Apply for the 10th Green Academy: \"The Future is Ours\"!<\/div><\/div><\/div>\n<div class=\"col-md-4 col-sm-12 col-xs-12 pt-cv-content-item pt-cv-1-col\" data-groups=\"category-1 post_tag-82 post_tag-85 category-16 post_tag-79 category-71 post_tag-92\" data-pid=\"5280\"><div class='pt-cv-ifield'><a href=\"https:\/\/ipe.hr\/en\/activities\/green-academy-2020-the-future-is-ours\/\" class=\"_self pt-cv-href-thumbnail pt-cv-thumb-default cvplbd\" target=\"_self\" ><img width=\"770\" height=\"380\" src=\"https:\/\/ipe.hr\/wp-content\/uploads\/2020\/08\/konceptc.png\" class=\"pt-cv-thumbnail img-none no-lazyload \" alt=\"Green Academy 2020: &quot;The Future is Ours&quot;!\" loading=\"lazy\" \/><\/a>\n<div class=\"pt-cv-meta-fields\"><span class=\"entry-date\"> <time datetime=\"2020-08-11T13:33:44+02:00\">11\/08\/2020<\/time><\/span><\/div>\n<h4 class=\"pt-cv-title\"><a href=\"https:\/\/ipe.hr\/en\/activities\/green-academy-2020-the-future-is-ours\/\" class=\"_self cvplbd\" target=\"_self\" >Green Academy 2020: &#8220;The Future is Ours&#8221;!<\/a><\/h4>\n<div class=\"pt-cv-content\">Announcing the 7th Green Academy, taking place in Komi\u017ea from August 21 to 26!<\/div><\/div><\/div>\n<div class=\"col-md-4 col-sm-12 col-xs-12 pt-cv-content-item pt-cv-1-col\" data-groups=\"category-1 post_tag-85 post_tag-86 category-72\" data-pid=\"3640\"><div class='pt-cv-ifield'><a href=\"https:\/\/ipe.hr\/en\/activities\/build-a-just-solidary-and-sustainable-society\/\" class=\"_self pt-cv-href-thumbnail pt-cv-thumb-default cvplbd\" target=\"_self\" ><img width=\"760\" height=\"407\" src=\"https:\/\/ipe.hr\/wp-content\/uploads\/2020\/04\/danz.png\" class=\"pt-cv-thumbnail img-none no-lazyload \" alt=\"Over a 100 NGOs call for building a just, solidary and sustainable society after the pandemic!\" loading=\"lazy\" \/><\/a>\n<div class=\"pt-cv-meta-fields\"><span class=\"entry-date\"> <time datetime=\"2020-04-22T13:00:33+02:00\">22\/04\/2020<\/time><\/span><\/div>\n<h4 class=\"pt-cv-title\"><a href=\"https:\/\/ipe.hr\/en\/activities\/build-a-just-solidary-and-sustainable-society\/\" class=\"_self cvplbd\" target=\"_self\" >Over a 100 NGOs call for building a just, solidary and sustainable society after the pandemic!<\/a><\/h4>\n<div class=\"pt-cv-content\">We demand urgent action from the EU Member States and Croatian Government in adopting ambitious measures to ensure a just<\/div><\/div><\/div>\n<div class=\"col-md-4 col-sm-12 col-xs-12 pt-cv-content-item pt-cv-1-col\" data-groups=\"category-1 category-78 post_tag-190\" data-pid=\"3625\"><div class='pt-cv-ifield'><a href=\"https:\/\/ipe.hr\/en\/activities\/ipe-senior-research-fellow-2020-21-federico-demaria\/\" class=\"_self pt-cv-href-thumbnail pt-cv-thumb-default cvplbd\" target=\"_self\" ><img width=\"760\" height=\"407\" src=\"https:\/\/ipe.hr\/wp-content\/uploads\/2020\/04\/FEDE.png\" class=\"pt-cv-thumbnail img-none no-lazyload \" alt=\"IPE Senior Research Fellow 2020-21 - Federico Demaria!\" loading=\"lazy\" \/><\/a>\n<div class=\"pt-cv-meta-fields\"><span class=\"entry-date\"> <time datetime=\"2020-04-09T11:53:09+02:00\">09\/04\/2020<\/time><\/span><\/div>\n<h4 class=\"pt-cv-title\"><a href=\"https:\/\/ipe.hr\/en\/activities\/ipe-senior-research-fellow-2020-21-federico-demaria\/\" class=\"_self cvplbd\" target=\"_self\" >IPE Senior Research Fellow 2020-21 &#8211; Federico Demaria!<\/a><\/h4>\n<div class=\"pt-cv-content\">Federico plans to engage with a critique of growth-based development that depoliticizes genuine political antagonisms and inquire into the alternative<\/div><\/div><\/div>\n<div class=\"col-md-4 col-sm-12 col-xs-12 pt-cv-content-item pt-cv-1-col\" data-groups=\"post_tag-105 category-19 post_tag-109\" data-pid=\"3568\"><div class='pt-cv-ifield'><a href=\"https:\/\/ipe.hr\/en\/discussions\/croatia-goes-regional\/\" class=\"_self pt-cv-href-thumbnail pt-cv-thumb-default cvplbd\" target=\"_self\" ><img width=\"945\" height=\"506\" src=\"https:\/\/ipe.hr\/wp-content\/uploads\/2020\/02\/cure1.png\" class=\"pt-cv-thumbnail img-none no-lazyload \" alt=\"Croatia goes regional!\" loading=\"lazy\" \/><\/a>\n<div class=\"pt-cv-meta-fields\"><span class=\"entry-date\"> <time datetime=\"2020-02-14T17:29:02+01:00\">14\/02\/2020<\/time><\/span><\/div>\n<h4 class=\"pt-cv-title\"><a href=\"https:\/\/ipe.hr\/en\/discussions\/croatia-goes-regional\/\" class=\"_self cvplbd\" target=\"_self\" >Croatia goes regional!<\/a><\/h4>\n<div class=\"pt-cv-content\">Junior Research Fellow Clara Dallaire-Fortier and intern Jenny Ufer have been working on regional donuts for Croatia<\/div><\/div><\/div>\n<div class=\"col-md-4 col-sm-12 col-xs-12 pt-cv-content-item pt-cv-1-col\" data-groups=\"category-1 post_tag-85 category-75 post_tag-80\" data-pid=\"3552\"><div class='pt-cv-ifield'><a href=\"https:\/\/ipe.hr\/en\/activities\/call-for-applications-2020-ipe-junior-research-fellowship\/\" class=\"_self pt-cv-href-thumbnail pt-cv-thumb-default cvplbd\" target=\"_self\" ><img width=\"760\" height=\"407\" src=\"https:\/\/ipe.hr\/wp-content\/uploads\/2019\/12\/jrf20-2.png\" class=\"pt-cv-thumbnail img-none no-lazyload \" alt=\"Call for Applications: 2020 IPE Junior Research Fellowship!\" loading=\"lazy\" \/><\/a>\n<div class=\"pt-cv-meta-fields\"><span class=\"entry-date\"> <time datetime=\"2019-12-20T12:58:54+01:00\">20\/12\/2019<\/time><\/span><\/div>\n<h4 class=\"pt-cv-title\"><a href=\"https:\/\/ipe.hr\/en\/activities\/call-for-applications-2020-ipe-junior-research-fellowship\/\" class=\"_self cvplbd\" target=\"_self\" >Call for Applications: 2020 IPE Junior Research Fellowship!<\/a><\/h4>\n<div class=\"pt-cv-content\">Applications are open until January 20 2020!<\/div><\/div><\/div>\n<div class=\"col-md-4 col-sm-12 col-xs-12 pt-cv-content-item pt-cv-1-col\" data-groups=\"category-1 category-16 post_tag-79 category-71\" data-pid=\"3540\"><div class='pt-cv-ifield'><a href=\"https:\/\/ipe.hr\/en\/activities\/a-successful-green-academy-winter-seminar\/\" class=\"_self pt-cv-href-thumbnail pt-cv-thumb-default cvplbd\" target=\"_self\" ><img width=\"760\" height=\"407\" src=\"https:\/\/ipe.hr\/wp-content\/uploads\/2019\/11\/zelenasvi.png\" class=\"pt-cv-thumbnail img-none no-lazyload \" alt=\"A successful Green Academy Winter Seminar\" loading=\"lazy\" \/><\/a>\n<div class=\"pt-cv-meta-fields\"><span class=\"entry-date\"> <time datetime=\"2019-11-21T12:22:22+01:00\">21\/11\/2019<\/time><\/span><\/div>\n<h4 class=\"pt-cv-title\"><a href=\"https:\/\/ipe.hr\/en\/activities\/a-successful-green-academy-winter-seminar\/\" class=\"_self cvplbd\" target=\"_self\" >A successful Green Academy Winter Seminar<\/a><\/h4>\n<div class=\"pt-cv-content\">Three days of degrowth, the Green New Deal and donuts.<\/div><\/div><\/div>\n<div class=\"col-md-4 col-sm-12 col-xs-12 pt-cv-content-item pt-cv-1-col\" data-groups=\"category-1 post_tag-85 category-16 category-71 post_tag-92\" data-pid=\"3533\"><div class='pt-cv-ifield'><a href=\"https:\/\/ipe.hr\/en\/activities\/program-of-the-green-academy-winter-seminar\/\" class=\"_self pt-cv-href-thumbnail pt-cv-thumb-default cvplbd\" target=\"_self\" ><img width=\"760\" height=\"407\" src=\"https:\/\/ipe.hr\/wp-content\/uploads\/2019\/09\/coverga.png\" class=\"pt-cv-thumbnail img-none no-lazyload \" alt=\"Program of the Green Academy Winter Seminar\" loading=\"lazy\" \/><\/a>\n<div class=\"pt-cv-meta-fields\"><span class=\"entry-date\"> <time datetime=\"2019-11-08T11:10:41+01:00\">08\/11\/2019<\/time><\/span><\/div>\n<h4 class=\"pt-cv-title\"><a href=\"https:\/\/ipe.hr\/en\/activities\/program-of-the-green-academy-winter-seminar\/\" class=\"_self cvplbd\" target=\"_self\" >Program of the Green Academy Winter Seminar<\/a><\/h4>\n<div class=\"pt-cv-content\">From Friday to Sunday!<\/div><\/div><\/div>\n<div class=\"col-md-4 col-sm-12 col-xs-12 pt-cv-content-item pt-cv-1-col\" data-groups=\"category-1 post_tag-85 category-16 category-71 post_tag-92\" data-pid=\"3365\"><div class='pt-cv-ifield'><a href=\"https:\/\/ipe.hr\/en\/activities\/call-for-participation-in-the-green-academy-winter-seminar\/\" class=\"_self pt-cv-href-thumbnail pt-cv-thumb-default cvplbd\" target=\"_self\" ><img width=\"760\" height=\"407\" src=\"https:\/\/ipe.hr\/wp-content\/uploads\/2019\/09\/coverga.png\" class=\"pt-cv-thumbnail img-none no-lazyload \" alt=\"Call for participation in the Green Academy Winter Seminar!\" loading=\"lazy\" \/><\/a>\n<div class=\"pt-cv-meta-fields\"><span class=\"entry-date\"> <time datetime=\"2019-09-27T19:05:38+02:00\">27\/09\/2019<\/time><\/span><\/div>\n<h4 class=\"pt-cv-title\"><a href=\"https:\/\/ipe.hr\/en\/activities\/call-for-participation-in-the-green-academy-winter-seminar\/\" class=\"_self cvplbd\" target=\"_self\" >Call for participation in the Green Academy Winter Seminar!<\/a><\/h4>\n<div class=\"pt-cv-content\">The applications for 12 available places are open until October 13.<\/div><\/div><\/div>\n<div class=\"col-md-4 col-sm-12 col-xs-12 pt-cv-content-item pt-cv-1-col\" data-groups=\"post_tag-105 category-19 category-75 category-72\" data-pid=\"3317\"><div class='pt-cv-ifield'><a href=\"https:\/\/ipe.hr\/en\/discussions\/clara-at-the-storep-conference-in-siena\/\" class=\"_self pt-cv-href-thumbnail pt-cv-thumb-default cvplbd\" target=\"_self\" ><img width=\"760\" height=\"407\" src=\"https:\/\/ipe.hr\/wp-content\/uploads\/2019\/07\/clarakon.png\" class=\"pt-cv-thumbnail img-none no-lazyload \" alt=\"Clara at the STOREP Conference in Siena\" loading=\"lazy\" \/><\/a>\n<div class=\"pt-cv-meta-fields\"><span class=\"entry-date\"> <time datetime=\"2019-07-09T12:45:53+02:00\">09\/07\/2019<\/time><\/span><\/div>\n<h4 class=\"pt-cv-title\"><a href=\"https:\/\/ipe.hr\/en\/discussions\/clara-at-the-storep-conference-in-siena\/\" class=\"_self cvplbd\" target=\"_self\" >Clara at the STOREP Conference in Siena<\/a><\/h4>\n<div class=\"pt-cv-content\">In the last week of June, Clara L\u00e9a Dallaire-Fortier visited Siena to participate in a collaborative event on economics.<\/div><\/div><\/div>\n<div class=\"col-md-4 col-sm-12 col-xs-12 pt-cv-content-item pt-cv-1-col\" data-groups=\"category-1 post_tag-106 category-73 category-78\" data-pid=\"3310\"><div class='pt-cv-ifield'><a href=\"https:\/\/ipe.hr\/en\/activities\/meet-charlie-lott-ipes-2019-furman-university-research-intern\/\" class=\"_self pt-cv-href-thumbnail pt-cv-thumb-default cvplbd\" target=\"_self\" ><img width=\"740\" height=\"407\" src=\"https:\/\/ipe.hr\/wp-content\/uploads\/2019\/06\/charcov.png\" class=\"pt-cv-thumbnail img-none no-lazyload \" alt=\"Meet Charlie Lott, IPE&#039;s 2019 Furman University Research Intern!\" loading=\"lazy\" \/><\/a>\n<div class=\"pt-cv-meta-fields\"><span class=\"entry-date\"> <time datetime=\"2019-06-11T16:10:58+02:00\">11\/06\/2019<\/time><\/span><\/div>\n<h4 class=\"pt-cv-title\"><a href=\"https:\/\/ipe.hr\/en\/activities\/meet-charlie-lott-ipes-2019-furman-university-research-intern\/\" class=\"_self cvplbd\" target=\"_self\" >Meet Charlie Lott, IPE&#8217;s 2019 Furman University Research Intern!<\/a><\/h4>\n<div class=\"pt-cv-content\">Watch Charlie's introduction video!<\/div><\/div><\/div>\n<div class=\"col-md-4 col-sm-12 col-xs-12 pt-cv-content-item pt-cv-1-col\" data-groups=\"post_tag-105 category-19\" data-pid=\"3281\"><div class='pt-cv-ifield'><a href=\"https:\/\/ipe.hr\/en\/discussions\/claras-short-report-from-the-global-labor-university-conference\/\" class=\"_self pt-cv-href-thumbnail pt-cv-thumb-default cvplbd\" target=\"_self\" ><img width=\"760\" height=\"407\" src=\"https:\/\/ipe.hr\/wp-content\/uploads\/2019\/04\/claraberlin.png\" class=\"pt-cv-thumbnail img-none no-lazyload \" alt=\"Clara&#039;s short report from the Global Labor University Conference!\" loading=\"lazy\" \/><\/a>\n<div class=\"pt-cv-meta-fields\"><span class=\"entry-date\"> <time datetime=\"2019-04-25T12:45:19+02:00\">25\/04\/2019<\/time><\/span><\/div>\n<h4 class=\"pt-cv-title\"><a href=\"https:\/\/ipe.hr\/en\/discussions\/claras-short-report-from-the-global-labor-university-conference\/\" class=\"_self cvplbd\" target=\"_self\" >Clara&#8217;s short report from the Global Labor University Conference!<\/a><\/h4>\n<div class=\"pt-cv-content\">Our 2019 JRF, Clara Lea Dallaire-Fortier, participated in the Global Labor University Conference in Berlin on her way to Zagreb.<\/div><\/div><\/div>\n<div class=\"col-md-4 col-sm-12 col-xs-12 pt-cv-content-item pt-cv-1-col\" data-groups=\"category-1 post_tag-105 category-78\" data-pid=\"3277\"><div class='pt-cv-ifield'><a href=\"https:\/\/ipe.hr\/en\/activities\/meet-our-2019-jrf-clara-lea-dallaire-fortier\/\" class=\"_self pt-cv-href-thumbnail pt-cv-thumb-default cvplbd\" target=\"_self\" ><img width=\"760\" height=\"407\" src=\"https:\/\/ipe.hr\/wp-content\/uploads\/2019\/04\/clara-foto.png\" class=\"pt-cv-thumbnail img-none no-lazyload \" alt=\"Meet our 2019 JRF - Clara L\u00e9a Dallaire-Fortier!\" loading=\"lazy\" \/><\/a>\n<div class=\"pt-cv-meta-fields\"><span class=\"entry-date\"> <time datetime=\"2019-04-19T10:49:51+02:00\">19\/04\/2019<\/time><\/span><\/div>\n<h4 class=\"pt-cv-title\"><a href=\"https:\/\/ipe.hr\/en\/activities\/meet-our-2019-jrf-clara-lea-dallaire-fortier\/\" class=\"_self cvplbd\" target=\"_self\" >Meet our 2019 JRF &#8211; Clara L\u00e9a Dallaire-Fortier!<\/a><\/h4>\n<div class=\"pt-cv-content\">IPE's 2019 Junior Research Fellow is Clara L\u00e9a Dallaire-Fortier from Montreal, Quebec.<\/div><\/div><\/div>\n<div class=\"col-md-4 col-sm-12 col-xs-12 pt-cv-content-item pt-cv-1-col\" data-groups=\"post_tag-85 category-4 category-71\" data-pid=\"3187\"><div class='pt-cv-ifield'><a href=\"https:\/\/ipe.hr\/en\/events\/degrowth-in-the-global-south-southeast-europe\/\" class=\"_self pt-cv-href-thumbnail pt-cv-thumb-default cvplbd\" target=\"_self\" ><img width=\"760\" height=\"407\" src=\"https:\/\/ipe.hr\/wp-content\/uploads\/2019\/01\/dgs.png\" class=\"pt-cv-thumbnail img-none no-lazyload \" alt=\"Degrowth in the Global South &amp; Southeast Europe\" loading=\"lazy\" \/><\/a>\n<div class=\"pt-cv-meta-fields\"><span class=\"entry-date\"> <time datetime=\"2019-02-13T11:00:53+01:00\">13\/02\/2019<\/time><\/span><\/div>\n<h4 class=\"pt-cv-title\"><a href=\"https:\/\/ipe.hr\/en\/events\/degrowth-in-the-global-south-southeast-europe\/\" class=\"_self cvplbd\" target=\"_self\" >Degrowth in the Global South &#038; Southeast Europe<\/a><\/h4>\n<div class=\"pt-cv-content\">Gabriel Trettel Silva and Mladen Domazet will talk about degrowth from the South American and Croatian perspective.<\/div><\/div><\/div>\n<div class=\"col-md-4 col-sm-12 col-xs-12 pt-cv-content-item pt-cv-1-col\" data-groups=\"category-1 post_tag-20 category-75 post_tag-80\" data-pid=\"3138\"><div class='pt-cv-ifield'><a href=\"https:\/\/ipe.hr\/en\/activities\/call-for-applications-2019-ipe-junior-fellowship\/\" class=\"_self pt-cv-href-thumbnail pt-cv-thumb-default cvplbd\" target=\"_self\" ><img width=\"1366\" height=\"732\" src=\"https:\/\/ipe.hr\/wp-content\/uploads\/2018\/12\/2019jrf-cover.png\" class=\"pt-cv-thumbnail img-none no-lazyload \" alt=\"Call for Applications: 2019 IPE Junior Research Fellowship\" loading=\"lazy\" \/><\/a>\n<div class=\"pt-cv-meta-fields\"><span class=\"entry-date\"> <time datetime=\"2018-12-03T13:08:14+01:00\">03\/12\/2018<\/time><\/span><\/div>\n<h4 class=\"pt-cv-title\"><a href=\"https:\/\/ipe.hr\/en\/activities\/call-for-applications-2019-ipe-junior-fellowship\/\" class=\"_self cvplbd\" target=\"_self\" >Call for Applications: 2019 IPE Junior Research Fellowship<\/a><\/h4>\n<div class=\"pt-cv-content\">We are now accepting applications for the 2019 Junior Fellowship!<\/div><\/div><\/div>\n<div class=\"col-md-4 col-sm-12 col-xs-12 pt-cv-content-item pt-cv-1-col\" data-groups=\"post_tag-85 category-4 category-73 category-72 post_tag-81\" data-pid=\"3033\"><div class='pt-cv-ifield'><a href=\"https:\/\/ipe.hr\/en\/events\/lets-go-green-1st-international-conference-on-green-libraries\/\" class=\"_self pt-cv-href-thumbnail pt-cv-thumb-default cvplbd\" target=\"_self\" ><img width=\"760\" height=\"409\" src=\"https:\/\/ipe.hr\/wp-content\/uploads\/2018\/11\/lgg.png\" class=\"pt-cv-thumbnail img-none no-lazyload \" alt=\"Lets Go Green! - 1st International Conference on Green Libraries\" loading=\"lazy\" \/><\/a>\n<div class=\"pt-cv-meta-fields\"><span class=\"entry-date\"> <time datetime=\"2018-11-08T10:00:35+01:00\">08\/11\/2018<\/time><\/span><\/div>\n<h4 class=\"pt-cv-title\"><a href=\"https:\/\/ipe.hr\/en\/events\/lets-go-green-1st-international-conference-on-green-libraries\/\" class=\"_self cvplbd\" target=\"_self\" >Lets Go Green! &#8211; 1st International Conference on Green Libraries<\/a><\/h4>\n<div class=\"pt-cv-content\">Mladen Domazet will give a keynote lecture at the\u00a01st International Conference on Green Libraries \u2013 Lets Go Green!<\/div><\/div><\/div>\n<div class=\"col-md-4 col-sm-12 col-xs-12 pt-cv-content-item pt-cv-1-col\" data-groups=\"category-1 post_tag-101 category-73 post_tag-92\" data-pid=\"2914\"><div class='pt-cv-ifield'><a href=\"https:\/\/ipe.hr\/en\/activities\/ipe-is-part-of-the-mpower-project-and-consortium\/\" class=\"_self pt-cv-href-thumbnail pt-cv-thumb-default cvplbd\" target=\"_self\" ><img width=\"760\" height=\"407\" src=\"https:\/\/ipe.hr\/wp-content\/uploads\/2018\/09\/mPOWER-logo.png\" class=\"pt-cv-thumbnail img-none no-lazyload \" alt=\"IPE is part of the mPOWER project and consortium!\" loading=\"lazy\" \/><\/a>\n<div class=\"pt-cv-meta-fields\"><span class=\"entry-date\"> <time datetime=\"2018-11-06T11:17:14+01:00\">06\/11\/2018<\/time><\/span><\/div>\n<h4 class=\"pt-cv-title\"><a href=\"https:\/\/ipe.hr\/en\/activities\/ipe-is-part-of-the-mpower-project-and-consortium\/\" class=\"_self cvplbd\" target=\"_self\" >IPE is part of the mPOWER project and consortium!<\/a><\/h4>\n<div class=\"pt-cv-content\">We are very happy to announce that IPE is part of mPOWER, a 4-year project funded by the Horizon 2020<\/div><\/div><\/div>\n<div class=\"col-md-4 col-sm-12 col-xs-12 pt-cv-content-item pt-cv-1-col\" data-groups=\"category-1 post_tag-85 category-73\" data-pid=\"3028\"><div class='pt-cv-ifield'><a href=\"https:\/\/ipe.hr\/en\/activities\/radical-realism-for-climate-justice-published-by-heinrich-boll-stiftung-ipes-chapter-on-degrowth\/\" class=\"_self pt-cv-href-thumbnail pt-cv-thumb-default cvplbd\" target=\"_self\" ><img width=\"900\" height=\"482\" src=\"https:\/\/ipe.hr\/wp-content\/uploads\/2018\/09\/radical.png\" class=\"pt-cv-thumbnail img-none no-lazyload \" alt=\"&quot;Radical Realism for Climate Justice&quot; published by Heinrich B\u00f6ll Stiftung, IPE&#039;s chapter on degrowth\" loading=\"lazy\" \/><\/a>\n<div class=\"pt-cv-meta-fields\"><span class=\"entry-date\"> <time datetime=\"2018-09-26T12:17:26+02:00\">26\/09\/2018<\/time><\/span><\/div>\n<h4 class=\"pt-cv-title\"><a href=\"https:\/\/ipe.hr\/en\/activities\/radical-realism-for-climate-justice-published-by-heinrich-boll-stiftung-ipes-chapter-on-degrowth\/\" class=\"_self cvplbd\" target=\"_self\" >&#8220;Radical Realism for Climate Justice&#8221; published by Heinrich B\u00f6ll Stiftung, IPE&#8217;s chapter on degrowth<\/a><\/h4>\n<div class=\"pt-cv-content\">Read the publication IPE contributed to with a chapter by Mladen Domazet.<\/div><\/div><\/div>\n<div class=\"col-md-4 col-sm-12 col-xs-12 pt-cv-content-item pt-cv-1-col\" data-groups=\"category-1 category-16 post_tag-79 category-71\" data-pid=\"2987\"><div class='pt-cv-ifield'><a href=\"https:\/\/ipe.hr\/en\/activities\/weve-finished-the-6th-green-academy\/\" class=\"_self pt-cv-href-thumbnail pt-cv-thumb-default cvplbd\" target=\"_self\" ><img width=\"2560\" height=\"1707\" src=\"https:\/\/ipe.hr\/wp-content\/uploads\/2020\/07\/IMG_8817-scaled.jpg\" class=\"pt-cv-thumbnail img-none no-lazyload \" alt=\"We&#039;ve finished the 6th Green Academy!\" loading=\"lazy\" \/><\/a>\n<div class=\"pt-cv-meta-fields\"><span class=\"entry-date\"> <time datetime=\"2018-09-13T11:50:09+02:00\">13\/09\/2018<\/time><\/span><\/div>\n<h4 class=\"pt-cv-title\"><a href=\"https:\/\/ipe.hr\/en\/activities\/weve-finished-the-6th-green-academy\/\" class=\"_self cvplbd\" target=\"_self\" >We&#8217;ve finished the 6th Green Academy!<\/a><\/h4>\n<div class=\"pt-cv-content\">The 6th Green Academy entitled\u00a0\"Moving Beyong Fragments\" took place from the 25th to the 30th of August.<\/div><\/div><\/div>\n<div class=\"col-md-4 col-sm-12 col-xs-12 pt-cv-content-item pt-cv-1-col\" data-groups=\"category-1 category-16 post_tag-79 category-71\" data-pid=\"2892\"><div class='pt-cv-ifield'><a href=\"https:\/\/ipe.hr\/en\/activities\/green-academy-2018-final-agenda\/\" class=\"_self pt-cv-href-thumbnail pt-cv-thumb-default cvplbd\" target=\"_self\" ><img width=\"760\" height=\"407\" src=\"https:\/\/ipe.hr\/wp-content\/uploads\/2018\/08\/final.jpg\" class=\"pt-cv-thumbnail img-none no-lazyload \" alt=\"Green Academy 2018 Final Agenda!\" loading=\"lazy\" \/><\/a>\n<div class=\"pt-cv-meta-fields\"><span class=\"entry-date\"> <time datetime=\"2018-08-18T11:47:07+02:00\">18\/08\/2018<\/time><\/span><\/div>\n<h4 class=\"pt-cv-title\"><a href=\"https:\/\/ipe.hr\/en\/activities\/green-academy-2018-final-agenda\/\" class=\"_self cvplbd\" target=\"_self\" >Green Academy 2018 Final Agenda!<\/a><\/h4>\n<div class=\"pt-cv-content\">Take a look at the final version of our 2018 program.<\/div><\/div><\/div>\n<div class=\"col-md-4 col-sm-12 col-xs-12 pt-cv-content-item pt-cv-1-col\" data-groups=\"category-1 post_tag-102 category-73 category-78\" data-pid=\"2849\"><div class='pt-cv-ifield'><a href=\"https:\/\/ipe.hr\/en\/activities\/meet-sophie-brennan-ipes-2018-furman-university-research-intern\/\" class=\"_self pt-cv-href-thumbnail pt-cv-thumb-default cvplbd\" target=\"_self\" ><img width=\"760\" height=\"407\" src=\"https:\/\/ipe.hr\/wp-content\/uploads\/2018\/08\/sophie.png\" class=\"pt-cv-thumbnail img-none no-lazyload \" alt=\"Meet Sophie Brennan, IPE\u2019s 2018 Furman University Research Intern!\" loading=\"lazy\" \/><\/a>\n<div class=\"pt-cv-meta-fields\"><span class=\"entry-date\"> <time datetime=\"2018-08-06T11:23:22+02:00\">06\/08\/2018<\/time><\/span><\/div>\n<h4 class=\"pt-cv-title\"><a href=\"https:\/\/ipe.hr\/en\/activities\/meet-sophie-brennan-ipes-2018-furman-university-research-intern\/\" class=\"_self cvplbd\" target=\"_self\" >Meet Sophie Brennan, IPE\u2019s 2018 Furman University Research Intern!<\/a><\/h4>\n<div class=\"pt-cv-content\">Sophie Brennan is IPE\u2019s second Furman University research intern, following in the footsteps of our 2017 intern Logan Richardson.<\/div><\/div><\/div>\n<div class=\"col-md-4 col-sm-12 col-xs-12 pt-cv-content-item pt-cv-1-col\" data-groups=\"category-1 category-16 post_tag-79 category-71\" data-pid=\"2838\"><div class='pt-cv-ifield'><a href=\"https:\/\/ipe.hr\/en\/activities\/first-version-of-the-green-academy-2018-program\/\" class=\"_self pt-cv-href-thumbnail pt-cv-thumb-default cvplbd\" target=\"_self\" ><img width=\"760\" height=\"407\" src=\"https:\/\/ipe.hr\/wp-content\/uploads\/2018\/07\/760x407.jpg\" class=\"pt-cv-thumbnail img-none no-lazyload \" alt=\"First version of the Green Academy 2018 program!\" loading=\"lazy\" \/><\/a>\n<div class=\"pt-cv-meta-fields\"><span class=\"entry-date\"> <time datetime=\"2018-07-28T09:33:31+02:00\">28\/07\/2018<\/time><\/span><\/div>\n<h4 class=\"pt-cv-title\"><a href=\"https:\/\/ipe.hr\/en\/activities\/first-version-of-the-green-academy-2018-program\/\" class=\"_self cvplbd\" target=\"_self\" >First version of the Green Academy 2018 program!<\/a><\/h4>\n<div class=\"pt-cv-content\">Here's the first, tentative version of the Green Academy 2018 program!<\/div><\/div><\/div>\n<div class=\"col-md-4 col-sm-12 col-xs-12 pt-cv-content-item pt-cv-1-col\" data-groups=\"category-1 category-16 post_tag-79\" data-pid=\"2821\"><div class='pt-cv-ifield'><a href=\"https:\/\/ipe.hr\/en\/activities\/green-academy-2018-selection-results\/\" class=\"_self pt-cv-href-thumbnail pt-cv-thumb-default cvplbd\" target=\"_self\" ><img width=\"760\" height=\"407\" src=\"https:\/\/ipe.hr\/wp-content\/uploads\/2018\/07\/WEB_IPE_RESULTS.jpg\" class=\"pt-cv-thumbnail img-none no-lazyload \" alt=\"Green Academy 2018 selection results!\" loading=\"lazy\" \/><\/a>\n<div class=\"pt-cv-meta-fields\"><span class=\"entry-date\"> <time datetime=\"2018-07-15T20:21:31+02:00\">15\/07\/2018<\/time><\/span><\/div>\n<h4 class=\"pt-cv-title\"><a href=\"https:\/\/ipe.hr\/en\/activities\/green-academy-2018-selection-results\/\" class=\"_self cvplbd\" target=\"_self\" >Green Academy 2018 selection results!<\/a><\/h4>\n<div class=\"pt-cv-content\">We are very happy to announce that we have finished the selection process our Call for Participation\/Call for Ideas for<\/div><\/div><\/div>\n<div class=\"col-md-4 col-sm-12 col-xs-12 pt-cv-content-item pt-cv-1-col\" data-groups=\"category-1 post_tag-99 category-73 category-70\" data-pid=\"2807\"><div class='pt-cv-ifield'><a href=\"https:\/\/ipe.hr\/en\/activities\/donuts-in-america\/\" class=\"_self pt-cv-href-thumbnail pt-cv-thumb-default cvplbd\" target=\"_self\" ><img width=\"800\" height=\"429\" src=\"https:\/\/ipe.hr\/wp-content\/uploads\/2018\/06\/primjer.png\" class=\"pt-cv-thumbnail img-none no-lazyload \" alt=\"Donuts in America!\" loading=\"lazy\" \/><\/a>\n<div class=\"pt-cv-meta-fields\"><span class=\"entry-date\"> <time datetime=\"2018-06-30T14:40:03+02:00\">30\/06\/2018<\/time><\/span><\/div>\n<h4 class=\"pt-cv-title\"><a href=\"https:\/\/ipe.hr\/en\/activities\/donuts-in-america\/\" class=\"_self cvplbd\" target=\"_self\" >Donuts in America!<\/a><\/h4>\n<div class=\"pt-cv-content\">Throughout July 2018 representatives of IPE's research partnership will be presenting the first 'donuts' from our sustainability kitchen in the<\/div><\/div><\/div>\n<div class=\"col-md-4 col-sm-12 col-xs-12 pt-cv-content-item pt-cv-1-col\" data-groups=\"category-1 category-16 post_tag-79 category-71\" data-pid=\"2797\"><div class='pt-cv-ifield'><a href=\"https:\/\/ipe.hr\/en\/activities\/green-academy-2018-moving-beyond-fragments\/\" class=\"_self pt-cv-href-thumbnail pt-cv-thumb-default cvplbd\" target=\"_self\" ><img width=\"760\" height=\"407\" src=\"https:\/\/ipe.hr\/wp-content\/uploads\/2018\/06\/zelenasajt.png\" class=\"pt-cv-thumbnail img-none no-lazyload \" alt=\"Green Academy 2018: Moving Beyond Fragments\" loading=\"lazy\" \/><\/a>\n<div class=\"pt-cv-meta-fields\"><span class=\"entry-date\"> <time datetime=\"2018-06-12T12:29:57+02:00\">12\/06\/2018<\/time><\/span><\/div>\n<h4 class=\"pt-cv-title\"><a href=\"https:\/\/ipe.hr\/en\/activities\/green-academy-2018-moving-beyond-fragments\/\" class=\"_self cvplbd\" target=\"_self\" >Green Academy 2018: Moving Beyond Fragments<\/a><\/h4>\n<div class=\"pt-cv-content\">Apply now for the sixth edition of Green Academy: Moving Beyond Fragments!<\/div><\/div><\/div>\n<div class=\"col-md-4 col-sm-12 col-xs-12 pt-cv-content-item pt-cv-1-col\" data-groups=\"category-1 post_tag-85 category-75 post_tag-27 post_tag-81 post_tag-98\" data-pid=\"2744\"><div class='pt-cv-ifield'><a href=\"https:\/\/ipe.hr\/en\/activities\/introducing-oxana-lopatina-ipes-2018-junior-research-fellow\/\" class=\"_self pt-cv-href-thumbnail pt-cv-thumb-default cvplbd\" target=\"_self\" ><img width=\"760\" height=\"407\" src=\"https:\/\/ipe.hr\/wp-content\/uploads\/2018\/04\/oxanacover.png\" class=\"pt-cv-thumbnail img-none no-lazyload \" alt=\"Introducing Oxana Lopatina, IPE&#039;s 2018 Junior Research Fellow!\" loading=\"lazy\" \/><\/a>\n<div class=\"pt-cv-meta-fields\"><span class=\"entry-date\"> <time datetime=\"2018-04-26T11:42:40+02:00\">26\/04\/2018<\/time><\/span><\/div>\n<h4 class=\"pt-cv-title\"><a href=\"https:\/\/ipe.hr\/en\/activities\/introducing-oxana-lopatina-ipes-2018-junior-research-fellow\/\" class=\"_self cvplbd\" target=\"_self\" >Introducing Oxana Lopatina, IPE&#8217;s 2018 Junior Research Fellow!<\/a><\/h4>\n<div class=\"pt-cv-content\">Oxana Lopatina joined IPE in March and is working with Mladen Domazet. Her research project explores the association between debt<\/div><\/div><\/div>\n<div class=\"col-md-4 col-sm-12 col-xs-12 pt-cv-content-item pt-cv-1-col\" data-groups=\"category-1 post_tag-87 category-74 category-70\" data-pid=\"2740\"><div class='pt-cv-ifield'><a href=\"https:\/\/ipe.hr\/en\/activities\/ipes-new-publication-commons-in-south-east-europe\/\" class=\"_self pt-cv-href-thumbnail pt-cv-thumb-default cvplbd\" target=\"_self\" ><img width=\"760\" height=\"407\" src=\"https:\/\/ipe.hr\/wp-content\/uploads\/2018\/04\/commcov.png\" class=\"pt-cv-thumbnail img-none no-lazyload \" alt=\"IPE&#039;s new publication: &quot;Commons in South East Europe&quot;!\" loading=\"lazy\" \/><\/a>\n<div class=\"pt-cv-meta-fields\"><span class=\"entry-date\"> <time datetime=\"2018-04-26T11:15:58+02:00\">26\/04\/2018<\/time><\/span><\/div>\n<h4 class=\"pt-cv-title\"><a href=\"https:\/\/ipe.hr\/en\/activities\/ipes-new-publication-commons-in-south-east-europe\/\" class=\"_self cvplbd\" target=\"_self\" >IPE&#8217;s new publication: &#8220;Commons in South East Europe&#8221;!<\/a><\/h4>\n<div class=\"pt-cv-content\">We're happy to present IPE's new publication \"Commons in South East Europe: Case of Croatia, Bosnia & Herzegovina and Macedonia\"!<\/div><\/div><\/div>\n<div class=\"col-md-4 col-sm-12 col-xs-12 pt-cv-content-item pt-cv-1-col\" data-groups=\"category-1 category-74\" data-pid=\"2714\"><div class='pt-cv-ifield'><a href=\"https:\/\/ipe.hr\/en\/activities\/ipe-work-report-2015-2017\/\" class=\"_self pt-cv-href-thumbnail pt-cv-thumb-default cvplbd\" target=\"_self\" ><img width=\"760\" height=\"407\" src=\"https:\/\/ipe.hr\/wp-content\/uploads\/2018\/04\/IPE_Work-Report_2015-2017_web_26-1_EN_760.png\" class=\"pt-cv-thumbnail img-none no-lazyload \" alt=\"IPE Work Report 2015-2017!\" loading=\"lazy\" \/><\/a>\n<div class=\"pt-cv-meta-fields\"><span class=\"entry-date\"> <time datetime=\"2018-04-13T11:56:12+02:00\">13\/04\/2018<\/time><\/span><\/div>\n<h4 class=\"pt-cv-title\"><a href=\"https:\/\/ipe.hr\/en\/activities\/ipe-work-report-2015-2017\/\" class=\"_self cvplbd\" target=\"_self\" >IPE Work Report 2015-2017!<\/a><\/h4>\n<div class=\"pt-cv-content\">In IPE's first work report, read about the work we've done in our first three years.<\/div><\/div><\/div>\n<div class=\"col-md-4 col-sm-12 col-xs-12 pt-cv-content-item pt-cv-1-col\" data-groups=\"category-1 category-16 category-73 category-71 post_tag-92\" data-pid=\"2579\"><div class='pt-cv-ifield'><a href=\"https:\/\/ipe.hr\/en\/activities\/toward-a-good-city-for-all\/\" class=\"_self pt-cv-href-thumbnail pt-cv-thumb-default cvplbd\" target=\"_self\" ><img width=\"760\" height=\"407\" src=\"https:\/\/ipe.hr\/wp-content\/uploads\/2018\/01\/gcfar.png\" class=\"pt-cv-thumbnail img-none no-lazyload \" alt=\"Toward A Good City For All\" loading=\"lazy\" \/><\/a>\n<div class=\"pt-cv-meta-fields\"><span class=\"entry-date\"> <time datetime=\"2018-01-31T13:03:55+01:00\">31\/01\/2018<\/time><\/span><\/div>\n<h4 class=\"pt-cv-title\"><a href=\"https:\/\/ipe.hr\/en\/activities\/toward-a-good-city-for-all\/\" class=\"_self cvplbd\" target=\"_self\" >Toward A Good City For All<\/a><\/h4>\n<div class=\"pt-cv-content\">A report on the \"Good City for All\" events in March and December, organized by IPE in cooperation with GEF<\/div><\/div><\/div>\n<div class=\"col-md-4 col-sm-12 col-xs-12 pt-cv-content-item pt-cv-1-col\" data-groups=\"category-1 post_tag-85 category-4 category-71\" data-pid=\"2507\"><div class='pt-cv-ifield'><a href=\"https:\/\/ipe.hr\/en\/activities\/giacomo-dalisa-degrowth-and-the-state\/\" class=\"_self pt-cv-href-thumbnail pt-cv-thumb-default cvplbd\" target=\"_self\" ><img width=\"1200\" height=\"628\" src=\"https:\/\/ipe.hr\/wp-content\/uploads\/2017\/12\/oid2.png\" class=\"pt-cv-thumbnail img-none no-lazyload \" alt=\"Giacomo D&#039;Alisa: Degrowth and the State\" loading=\"lazy\" \/><\/a>\n<div class=\"pt-cv-meta-fields\"><span class=\"entry-date\"> <time datetime=\"2017-12-12T20:00:14+01:00\">12\/12\/2017<\/time><\/span><\/div>\n<h4 class=\"pt-cv-title\"><a href=\"https:\/\/ipe.hr\/en\/activities\/giacomo-dalisa-degrowth-and-the-state\/\" class=\"_self cvplbd\" target=\"_self\" >Giacomo D&#8217;Alisa: Degrowth and the State<\/a><\/h4>\n<div class=\"pt-cv-content\">Giacomo D\u2019Alisa, IPE's 2017\u00a0Senior Research Fellow, is working on developing a paper investigating the conceptual relationship between degrowth and the<\/div><\/div><\/div>\n<div class=\"col-md-4 col-sm-12 col-xs-12 pt-cv-content-item pt-cv-1-col\" data-groups=\"category-1 category-4 category-71 post_tag-92\" data-pid=\"2543\"><div class='pt-cv-ifield'><a href=\"https:\/\/ipe.hr\/en\/activities\/good-city-for-all-a-debate-on-transformative-practices-in-european-cities\/\" class=\"_self pt-cv-href-thumbnail pt-cv-thumb-default cvplbd\" target=\"_self\" ><img width=\"760\" height=\"407\" src=\"https:\/\/ipe.hr\/wp-content\/uploads\/2017\/12\/dobargradcover.png\" class=\"pt-cv-thumbnail img-none no-lazyload \" alt=\"Good City for All: A Debate on Transformative Practices in European Cities\" loading=\"lazy\" \/><\/a>\n<div class=\"pt-cv-meta-fields\"><span class=\"entry-date\"> <time datetime=\"2017-12-06T20:00:24+01:00\">06\/12\/2017<\/time><\/span><\/div>\n<h4 class=\"pt-cv-title\"><a href=\"https:\/\/ipe.hr\/en\/activities\/good-city-for-all-a-debate-on-transformative-practices-in-european-cities\/\" class=\"_self cvplbd\" target=\"_self\" >Good City for All: A Debate on Transformative Practices in European Cities<\/a><\/h4>\n<div class=\"pt-cv-content\">At the public debate \u201eGood City for All\u201c on December 6, we will talk to activists, citizens and experts from<\/div><\/div><\/div>\n<div class=\"col-md-4 col-sm-12 col-xs-12 pt-cv-content-item pt-cv-1-col\" data-groups=\"category-1 category-78 post_tag-20 category-75 post_tag-80\" data-pid=\"2488\"><div class='pt-cv-ifield'><a href=\"https:\/\/ipe.hr\/en\/activities\/call-for-applications-2018-ipe-junior-fellowship\/\" class=\"_self pt-cv-href-thumbnail pt-cv-thumb-default cvplbd\" target=\"_self\" ><img width=\"1366\" height=\"732\" src=\"https:\/\/ipe.hr\/wp-content\/uploads\/2017\/11\/jrf-cover.png\" class=\"pt-cv-thumbnail img-none no-lazyload \" alt=\"Call for Applications: 2018 IPE Junior Fellowship\" loading=\"lazy\" \/><\/a>\n<div class=\"pt-cv-meta-fields\"><span class=\"entry-date\"> <time datetime=\"2017-11-24T13:22:07+01:00\">24\/11\/2017<\/time><\/span><\/div>\n<h4 class=\"pt-cv-title\"><a href=\"https:\/\/ipe.hr\/en\/activities\/call-for-applications-2018-ipe-junior-fellowship\/\" class=\"_self cvplbd\" target=\"_self\" >Call for Applications: 2018 IPE Junior Fellowship<\/a><\/h4>\n<div class=\"pt-cv-content\">IPE is happy to announce that we are now accepting applications for the 2018 Junior Fellowship!<\/div><\/div><\/div>\n<div class=\"col-md-4 col-sm-12 col-xs-12 pt-cv-content-item pt-cv-1-col\" data-groups=\"category-1 post_tag-87 category-71\" data-pid=\"2474\"><div class='pt-cv-ifield'><a href=\"https:\/\/ipe.hr\/en\/activities\/ecopro-seminar-with-dirk-holemans\/\" class=\"_self pt-cv-href-thumbnail pt-cv-thumb-default cvplbd\" target=\"_self\" ><img width=\"800\" height=\"428\" src=\"https:\/\/ipe.hr\/wp-content\/uploads\/2017\/11\/Dirk_BudapestNov15.png\" class=\"pt-cv-thumbnail img-none no-lazyload \" alt=\"ECOPRO Seminar with Dirk Holemans\" loading=\"lazy\" \/><\/a>\n<div class=\"pt-cv-meta-fields\"><span class=\"entry-date\"> <time datetime=\"2017-11-17T15:52:09+01:00\">17\/11\/2017<\/time><\/span><\/div>\n<h4 class=\"pt-cv-title\"><a href=\"https:\/\/ipe.hr\/en\/activities\/ecopro-seminar-with-dirk-holemans\/\" class=\"_self cvplbd\" target=\"_self\" >ECOPRO Seminar with Dirk Holemans<\/a><\/h4>\n<div class=\"pt-cv-content\">Next week IPE will welcome\u00a0Dirk Holemans from the Belgian green think\u00a0tank\u00a0Oikosa, who will join us for the ECOPRO seminar\u00a0\"A Green<\/div><\/div><\/div>\n<div class=\"col-md-4 col-sm-12 col-xs-12 pt-cv-content-item pt-cv-1-col\" data-groups=\"category-19 category-16 category-97\" data-pid=\"2436\"><div class='pt-cv-ifield'><a href=\"https:\/\/ipe.hr\/en\/green-academy\/zoltan-pogatsa-you-dont-take-ideologies-at-face-value\/\" class=\"_self pt-cv-href-thumbnail pt-cv-thumb-default cvplbd\" target=\"_self\" ><img width=\"760\" height=\"407\" src=\"https:\/\/ipe.hr\/wp-content\/uploads\/2017\/11\/zltncover.png\" class=\"pt-cv-thumbnail img-none no-lazyload \" alt=\"Zolt\u00e1n Pog\u00e1tsa: &quot;You don&#039;t take ideologies at face value&quot;\" loading=\"lazy\" \/><\/a>\n<div class=\"pt-cv-meta-fields\"><span class=\"entry-date\"> <time datetime=\"2017-11-08T12:48:40+01:00\">08\/11\/2017<\/time><\/span><\/div>\n<h4 class=\"pt-cv-title\"><a href=\"https:\/\/ipe.hr\/en\/green-academy\/zoltan-pogatsa-you-dont-take-ideologies-at-face-value\/\" class=\"_self cvplbd\" target=\"_self\" >Zolt\u00e1n Pog\u00e1tsa: &#8220;You don&#8217;t take ideologies at face value&#8221;<\/a><\/h4>\n<div class=\"pt-cv-content\">Bartul \u010covi\u0107 talks to Zolt\u00e1n Pog\u00e1tsa about neoliberal capitalism, European politics and Europe's future at the 2016 Green Academy.<\/div><\/div><\/div>\n<div class=\"col-md-4 col-sm-12 col-xs-12 pt-cv-content-item pt-cv-1-col\" data-groups=\"category-1 post_tag-85 category-72\" data-pid=\"2404\"><div class='pt-cv-ifield'><a href=\"https:\/\/ipe.hr\/en\/activities\/announcing-three-degrowth-conferences-in-2018\/\" class=\"_self pt-cv-href-thumbnail pt-cv-thumb-default cvplbd\" target=\"_self\" ><img width=\"760\" height=\"407\" src=\"https:\/\/ipe.hr\/wp-content\/uploads\/2017\/11\/tri-degrowth-cover.png\" class=\"pt-cv-thumbnail img-none no-lazyload \" alt=\"Announcing Three Degrowth Conferences in 2018\" loading=\"lazy\" \/><\/a>\n<div class=\"pt-cv-meta-fields\"><span class=\"entry-date\"> <time datetime=\"2017-11-02T12:13:15+01:00\">02\/11\/2017<\/time><\/span><\/div>\n<h4 class=\"pt-cv-title\"><a href=\"https:\/\/ipe.hr\/en\/activities\/announcing-three-degrowth-conferences-in-2018\/\" class=\"_self cvplbd\" target=\"_self\" >Announcing Three Degrowth Conferences in 2018<\/a><\/h4>\n<div class=\"pt-cv-content\">As co-organizer of the Budapest 2016 International Degrowth conference, IPE is happy to share the announcement of three degrowth events<\/div><\/div><\/div>\n<div class=\"col-md-4 col-sm-12 col-xs-12 pt-cv-content-item pt-cv-1-col\" data-groups=\"post_tag-87 post_tag-85 category-19 category-75 category-72 post_tag-93\" data-pid=\"2228\"><div class='pt-cv-ifield'><a href=\"https:\/\/ipe.hr\/en\/discussions\/report-from-the-alternative-food-supply-networks-in-central-and-eastern-europe-conference\/\" class=\"_self pt-cv-href-thumbnail pt-cv-thumb-default cvplbd\" target=\"_self\" ><img width=\"760\" height=\"407\" src=\"https:\/\/ipe.hr\/wp-content\/uploads\/2017\/10\/food-network.png\" class=\"pt-cv-thumbnail img-none no-lazyload \" alt=\"Report from the &quot;Alternative Food Supply Networks in Central and Eastern Europe&quot; Conference\" loading=\"lazy\" \/><\/a>\n<div class=\"pt-cv-meta-fields\"><span class=\"entry-date\"> <time datetime=\"2017-10-24T11:30:51+02:00\">24\/10\/2017<\/time><\/span><\/div>\n<h4 class=\"pt-cv-title\"><a href=\"https:\/\/ipe.hr\/en\/discussions\/report-from-the-alternative-food-supply-networks-in-central-and-eastern-europe-conference\/\" class=\"_self cvplbd\" target=\"_self\" >Report from the &#8220;Alternative Food Supply Networks in Central and Eastern Europe&#8221; Conference<\/a><\/h4>\n<div class=\"pt-cv-content\">Lilian Pungas represented IPE at the first interdisciplinary food conference in Latvia.<\/div><\/div><\/div>\n<div class=\"col-md-4 col-sm-12 col-xs-12 pt-cv-content-item pt-cv-1-col\" data-groups=\"category-1 category-19 category-16 post_tag-79 category-97\" data-pid=\"2189\"><div class='pt-cv-ifield'><a href=\"https:\/\/ipe.hr\/en\/activities\/john-clarke\/\" class=\"_self pt-cv-href-thumbnail pt-cv-thumb-default cvplbd\" target=\"_self\" ><img width=\"760\" height=\"407\" src=\"https:\/\/ipe.hr\/wp-content\/uploads\/2017\/10\/clarkecover.png\" class=\"pt-cv-thumbnail img-none no-lazyload \" alt=\"John Clarke: &quot;We shouldn\u2019t take failures as the definitive statements that it cannot be done&quot;\" loading=\"lazy\" \/><\/a>\n<div class=\"pt-cv-meta-fields\"><span class=\"entry-date\"> <time datetime=\"2017-10-11T15:46:41+02:00\">11\/10\/2017<\/time><\/span><\/div>\n<h4 class=\"pt-cv-title\"><a href=\"https:\/\/ipe.hr\/en\/activities\/john-clarke\/\" class=\"_self cvplbd\" target=\"_self\" >John Clarke: &#8220;We shouldn\u2019t take failures as the definitive statements that it cannot be done&#8221;<\/a><\/h4>\n<div class=\"pt-cv-content\">John Clarke and Bartul \u010covi\u0107 talked about Brexit, British politics and various other contemporary political and social issues at the<\/div><\/div><\/div>\n<div class=\"col-md-4 col-sm-12 col-xs-12 pt-cv-content-item pt-cv-1-col\" data-groups=\"post_tag-85 post_tag-95 category-73 category-216 category-72\" data-pid=\"6275\"><div class='pt-cv-ifield'><a href=\"https:\/\/ipe.hr\/en\/ipe-participates\/a-week-with-giacomo-degrowth-and-other-topics-from-zagreb-to-ljubljana\/\" class=\"_self pt-cv-href-thumbnail pt-cv-thumb-default cvplbd\" target=\"_self\" ><img width=\"770\" height=\"380\" src=\"https:\/\/ipe.hr\/wp-content\/uploads\/2017\/09\/dgd.png\" class=\"pt-cv-thumbnail img-none no-lazyload \" alt=\"A week with Giacomo: degrowth and other topics, from Zagreb to Ljubljana\" loading=\"lazy\" \/><\/a>\n<div class=\"pt-cv-meta-fields\"><span class=\"entry-date\"> <time datetime=\"2017-10-03T14:41:15+02:00\">03\/10\/2017<\/time><\/span><\/div>\n<h4 class=\"pt-cv-title\"><a href=\"https:\/\/ipe.hr\/en\/ipe-participates\/a-week-with-giacomo-degrowth-and-other-topics-from-zagreb-to-ljubljana\/\" class=\"_self cvplbd\" target=\"_self\" >A week with Giacomo: degrowth and other topics, from Zagreb to Ljubljana<\/a><\/h4>\n<div class=\"pt-cv-content\">Giacomo D'Alisa, IPE's 2017\/18 Senior Research Fellow spent a week of September with us.<\/div><\/div><\/div>\n<div class=\"col-md-4 col-sm-12 col-xs-12 pt-cv-content-item pt-cv-1-col\" data-groups=\"category-1 category-16 post_tag-79 category-97\" data-pid=\"1929\"><div class='pt-cv-ifield'><a href=\"https:\/\/ipe.hr\/en\/activities\/derek-wall-this-is-to-be-the-machiavelli-moment-in-politics\/\" class=\"_self pt-cv-href-thumbnail pt-cv-thumb-default cvplbd\" target=\"_self\" ><img width=\"760\" height=\"407\" src=\"https:\/\/ipe.hr\/wp-content\/uploads\/2017\/09\/wall-cover.png\" class=\"pt-cv-thumbnail img-none no-lazyload \" alt=\"Derek Wall: &quot;This is to be the Machiavelli moment in politics&quot;\" loading=\"lazy\" \/><\/a>\n<div class=\"pt-cv-meta-fields\"><span class=\"entry-date\"> <time datetime=\"2017-09-29T11:20:22+02:00\">29\/09\/2017<\/time><\/span><\/div>\n<h4 class=\"pt-cv-title\"><a href=\"https:\/\/ipe.hr\/en\/activities\/derek-wall-this-is-to-be-the-machiavelli-moment-in-politics\/\" class=\"_self cvplbd\" target=\"_self\" >Derek Wall: &#8220;This is to be the Machiavelli moment in politics&#8221;<\/a><\/h4>\n<div class=\"pt-cv-content\">The conversation between Derek Wall and Bartul \u010covi\u0107 took place during the 2016 Green Academy and is a part of<\/div><\/div><\/div>\n<div class=\"col-md-4 col-sm-12 col-xs-12 pt-cv-content-item pt-cv-1-col\" data-groups=\"post_tag-85 category-4 post_tag-95 category-73 category-75 category-71 category-72 post_tag-93 post_tag-81\" data-pid=\"2101\"><div class='pt-cv-ifield'><a href=\"https:\/\/ipe.hr\/en\/events\/quiet-degrowth-and-loud-rumblings-perspectives-from-the-european-semiperiphery-research-seminar-ljubljana\/\" class=\"_self pt-cv-href-thumbnail pt-cv-thumb-default cvplbd\" target=\"_self\" ><img width=\"604\" height=\"323\" src=\"https:\/\/ipe.hr\/wp-content\/uploads\/2017\/09\/coverljubljana2.png\" class=\"pt-cv-thumbnail img-none no-lazyload \" alt=\"&quot;Quiet Degrowth and Loud Rumblings \u2013 perspectives from the European Semiperiphery&quot;: research seminar, Ljubljana\" loading=\"lazy\" \/><\/a>\n<div class=\"pt-cv-meta-fields\"><span class=\"entry-date\"> <time datetime=\"2017-09-22T09:00:51+02:00\">22\/09\/2017<\/time><\/span><\/div>\n<h4 class=\"pt-cv-title\"><a href=\"https:\/\/ipe.hr\/en\/events\/quiet-degrowth-and-loud-rumblings-perspectives-from-the-european-semiperiphery-research-seminar-ljubljana\/\" class=\"_self cvplbd\" target=\"_self\" >&#8220;Quiet Degrowth and Loud Rumblings \u2013 perspectives from the European Semiperiphery&#8221;: research seminar, Ljubljana<\/a><\/h4>\n<div class=\"pt-cv-content\">On Friday, 22.9. IPE's team - Giacomo D'Alisa, Lilian Pungas\u00a0and\u00a0Mladen Domazet\u00a0- will participate in a research seminar entitled \"Quiet Degrowth<\/div><\/div><\/div>\n<div class=\"col-md-4 col-sm-12 col-xs-12 pt-cv-content-item pt-cv-1-col\" data-groups=\"post_tag-85 category-4 post_tag-95 category-73 category-75 category-71 category-72 post_tag-93 post_tag-81\" data-pid=\"2103\"><div class='pt-cv-ifield'><a href=\"https:\/\/ipe.hr\/en\/events\/degrowth-beyond-a-growth-society-lectures-and-discussion-ljubljana\/\" class=\"_self pt-cv-href-thumbnail pt-cv-thumb-default cvplbd\" target=\"_self\" ><img width=\"800\" height=\"429\" src=\"https:\/\/ipe.hr\/wp-content\/uploads\/2017\/09\/odrasteventcover.png\" class=\"pt-cv-thumbnail img-none no-lazyload \" alt=\"&quot;Degrowth: Beyond a Growth Society&quot;: lectures and discussion, Ljubljana\" loading=\"lazy\" \/><\/a>\n<div class=\"pt-cv-meta-fields\"><span class=\"entry-date\"> <time datetime=\"2017-09-21T19:00:38+02:00\">21\/09\/2017<\/time><\/span><\/div>\n<h4 class=\"pt-cv-title\"><a href=\"https:\/\/ipe.hr\/en\/events\/degrowth-beyond-a-growth-society-lectures-and-discussion-ljubljana\/\" class=\"_self cvplbd\" target=\"_self\" >&#8220;Degrowth: Beyond a Growth Society&#8221;: lectures and discussion, Ljubljana<\/a><\/h4>\n<div class=\"pt-cv-content\">On Thursday September 21 from 7 p.m., at Pritli\u010dje in Ljubljana, Giacomo D'Alisa, Lilian Pungas\u00a0and\u00a0Mladen Domazet\u00a0are speaking at the \"Degrowth:<\/div><\/div><\/div>\n<div class=\"col-md-4 col-sm-12 col-xs-12 pt-cv-content-item pt-cv-1-col\" data-groups=\"category-1 category-19 category-73 post_tag-94 post_tag-81\" data-pid=\"1899\"><div class='pt-cv-ifield'><a href=\"https:\/\/ipe.hr\/en\/activities\/logans-log-a-research-internship-at-ipe-in-10-weeks\/\" class=\"_self pt-cv-href-thumbnail pt-cv-thumb-default cvplbd\" target=\"_self\" ><img width=\"764\" height=\"416\" src=\"https:\/\/ipe.hr\/wp-content\/uploads\/2017\/09\/loganblog.png\" class=\"pt-cv-thumbnail img-none no-lazyload \" alt=\"Logan&#039;s log: A research internship in 10 weeks\" loading=\"lazy\" \/><\/a>\n<div class=\"pt-cv-meta-fields\"><span class=\"entry-date\"> <time datetime=\"2017-09-04T17:13:57+02:00\">04\/09\/2017<\/time><\/span><\/div>\n<h4 class=\"pt-cv-title\"><a href=\"https:\/\/ipe.hr\/en\/activities\/logans-log-a-research-internship-at-ipe-in-10-weeks\/\" class=\"_self cvplbd\" target=\"_self\" >Logan&#8217;s log: A research internship in 10 weeks<\/a><\/h4>\n<div class=\"pt-cv-content\">Logan Richardson was IPE's Furman University\u00a0research intern in the period from May to July 2017. This is Logan's record of<\/div><\/div><\/div>\n<div class=\"col-md-4 col-sm-12 col-xs-12 pt-cv-content-item pt-cv-1-col\" data-groups=\"category-1 post_tag-85 post_tag-95 category-78 category-75\" data-pid=\"1879\"><div class='pt-cv-ifield'><a href=\"https:\/\/ipe.hr\/en\/activities\/introducing-giacomo-dalisa-ipes-201718-senior-research-fellow\/\" class=\"_self pt-cv-href-thumbnail pt-cv-thumb-default cvplbd\" target=\"_self\" ><img width=\"1000\" height=\"536\" src=\"https:\/\/ipe.hr\/wp-content\/uploads\/2017\/09\/giacomo.png\" class=\"pt-cv-thumbnail img-none no-lazyload \" alt=\"Introducing Giacomo D&#039;Alisa, IPE&#039;s 2017 Senior Research Fellow\" loading=\"lazy\" \/><\/a>\n<div class=\"pt-cv-meta-fields\"><span class=\"entry-date\"> <time datetime=\"2017-09-01T13:53:31+02:00\">01\/09\/2017<\/time><\/span><\/div>\n<h4 class=\"pt-cv-title\"><a href=\"https:\/\/ipe.hr\/en\/activities\/introducing-giacomo-dalisa-ipes-201718-senior-research-fellow\/\" class=\"_self cvplbd\" target=\"_self\" >Introducing Giacomo D&#8217;Alisa, IPE&#8217;s 2017 Senior Research Fellow<\/a><\/h4>\n<div class=\"pt-cv-content\">Dr Giacomo D'Alisa, an ecological economist and political ecologist, a post-doc fellow at the Centre for Social Studies at the<\/div><\/div><\/div>\n<div class=\"col-md-4 col-sm-12 col-xs-12 pt-cv-content-item pt-cv-1-col\" data-groups=\"category-1 category-19 category-16 post_tag-79 category-97\" data-pid=\"1803\"><div class='pt-cv-ifield'><a href=\"https:\/\/ipe.hr\/en\/activities\/carlos-delclos-this-is-a-good-time-for-social-movements-to-be-anarchist-in-practice\/\" class=\"_self pt-cv-href-thumbnail pt-cv-thumb-default cvplbd\" target=\"_self\" ><img width=\"760\" height=\"380\" src=\"https:\/\/ipe.hr\/wp-content\/uploads\/2017\/08\/Carlos-Delclos-BIO-1.png\" class=\"pt-cv-thumbnail img-none no-lazyload \" alt=\"Carlos Delcl\u00f3s: &quot;This is a good time for social movements to be anarchist in practice&quot;\" loading=\"lazy\" \/><\/a>\n<div class=\"pt-cv-meta-fields\"><span class=\"entry-date\"> <time datetime=\"2017-08-30T11:17:01+02:00\">30\/08\/2017<\/time><\/span><\/div>\n<h4 class=\"pt-cv-title\"><a href=\"https:\/\/ipe.hr\/en\/activities\/carlos-delclos-this-is-a-good-time-for-social-movements-to-be-anarchist-in-practice\/\" class=\"_self cvplbd\" target=\"_self\" >Carlos Delcl\u00f3s: &#8220;This is a good time for social movements to be anarchist in practice&#8221;<\/a><\/h4>\n<div class=\"pt-cv-content\">Carlos Delcl\u00f3s and Bartul \u010covi\u0107 talk in the first of a series of interviews conducted by Bartul during the Green<\/div><\/div><\/div>\n<div class=\"col-md-4 col-sm-12 col-xs-12 pt-cv-content-item pt-cv-1-col\" data-groups=\"category-1 post_tag-87 category-72 post_tag-88\" data-pid=\"1357\"><div class='pt-cv-ifield'><a href=\"https:\/\/ipe.hr\/en\/activities\/tomislav-tomasevic-at-the-iasc-2017-conference\/\" class=\"_self pt-cv-href-thumbnail pt-cv-thumb-default cvplbd\" target=\"_self\" ><img width=\"760\" height=\"407\" src=\"https:\/\/ipe.hr\/wp-content\/uploads\/2017\/08\/utrerchcover2.png\" class=\"pt-cv-thumbnail img-none no-lazyload \" alt=\"Tomislav Toma\u0161evi\u0107 at the IASC 2017 Conference\" loading=\"lazy\" \/><\/a>\n<div class=\"pt-cv-meta-fields\"><span class=\"entry-date\"> <time datetime=\"2017-08-02T15:35:29+02:00\">02\/08\/2017<\/time><\/span><\/div>\n<h4 class=\"pt-cv-title\"><a href=\"https:\/\/ipe.hr\/en\/activities\/tomislav-tomasevic-at-the-iasc-2017-conference\/\" class=\"_self cvplbd\" target=\"_self\" >Tomislav Toma\u0161evi\u0107 at the IASC 2017 Conference<\/a><\/h4>\n<div class=\"pt-cv-content\">Tomislav Toma\u0161evi\u0107, IPE's Program Manager, participated at the 16th Biennial Conference of the International Association for the Study of the<\/div><\/div><\/div>\n<div class=\"col-md-4 col-sm-12 col-xs-12 pt-cv-content-item pt-cv-1-col\" data-groups=\"category-1 category-73 category-78 post_tag-94 post_tag-81\" data-pid=\"1116\"><div class='pt-cv-ifield'><a href=\"https:\/\/ipe.hr\/en\/activities\/introducing-logan-richardson-ipes-furman-university-research-intern\/\" class=\"_self pt-cv-href-thumbnail pt-cv-thumb-default cvplbd\" target=\"_self\" ><img width=\"764\" height=\"416\" src=\"https:\/\/ipe.hr\/wp-content\/uploads\/2017\/07\/loganzg2-1.png\" class=\"pt-cv-thumbnail img-none no-lazyload \" alt=\"Introducing Logan Richardson, IPE&#039;s Furman University Research Intern\" loading=\"lazy\" \/><\/a>\n<div class=\"pt-cv-meta-fields\"><span class=\"entry-date\"> <time datetime=\"2017-07-10T17:40:08+02:00\">10\/07\/2017<\/time><\/span><\/div>\n<h4 class=\"pt-cv-title\"><a href=\"https:\/\/ipe.hr\/en\/activities\/introducing-logan-richardson-ipes-furman-university-research-intern\/\" class=\"_self cvplbd\" target=\"_self\" >Introducing Logan Richardson, IPE&#8217;s Furman University Research Intern<\/a><\/h4>\n<div class=\"pt-cv-content\">Logan Richardson is a senior majoring in Sustainability Science and Economics\u00a0at Furman University in Greenville, South Carolina, and IPE's first<\/div><\/div><\/div>\n<div class=\"col-md-4 col-sm-12 col-xs-12 pt-cv-content-item pt-cv-1-col\" data-groups=\"post_tag-85 category-19 post_tag-83 post_tag-80 category-72 post_tag-93 post_tag-94 post_tag-81\" data-pid=\"1019\"><div class='pt-cv-ifield'><a href=\"https:\/\/ipe.hr\/en\/discussions\/budapest-esee-2017\/\" class=\"_self pt-cv-href-thumbnail pt-cv-thumb-default cvplbd\" target=\"_self\" ><img width=\"764\" height=\"416\" src=\"https:\/\/ipe.hr\/wp-content\/uploads\/2017\/07\/budimpesta.png\" class=\"pt-cv-thumbnail img-none no-lazyload \" alt=\"Lilian&#039;s report from Budapest ESEE 2017\" loading=\"lazy\" \/><\/a>\n<div class=\"pt-cv-meta-fields\"><span class=\"entry-date\"> <time datetime=\"2017-07-06T11:28:47+02:00\">06\/07\/2017<\/time><\/span><\/div>\n<h4 class=\"pt-cv-title\"><a href=\"https:\/\/ipe.hr\/en\/discussions\/budapest-esee-2017\/\" class=\"_self cvplbd\" target=\"_self\" >Lilian&#8217;s report from Budapest ESEE 2017<\/a><\/h4>\n<div class=\"pt-cv-content\">The 12th conference of the European Society for Ecological Economics (ESEE) took place in Budapest from the 20th until the<\/div><\/div><\/div>\n<div class=\"col-md-4 col-sm-12 col-xs-12 pt-cv-content-item pt-cv-1-col\" data-groups=\"category-19 post_tag-80 category-72 post_tag-93\" data-pid=\"1109\"><div class='pt-cv-ifield'><a href=\"https:\/\/ipe.hr\/en\/discussions\/lilians-report-from-the-research-workshop-for-critical-geography-2017\/\" class=\"_self pt-cv-href-thumbnail pt-cv-thumb-default cvplbd\" target=\"_self\" ><img width=\"764\" height=\"407\" src=\"https:\/\/ipe.hr\/wp-content\/uploads\/2017\/07\/bremenmanji.png\" class=\"pt-cv-thumbnail img-none no-lazyload \" alt=\"Lilian&#039;s report from the Research Workshop for Critical Geography 2017\" loading=\"lazy\" \/><\/a>\n<div class=\"pt-cv-meta-fields\"><span class=\"entry-date\"> <time datetime=\"2017-07-05T11:00:37+02:00\">05\/07\/2017<\/time><\/span><\/div>\n<h4 class=\"pt-cv-title\"><a href=\"https:\/\/ipe.hr\/en\/discussions\/lilians-report-from-the-research-workshop-for-critical-geography-2017\/\" class=\"_self cvplbd\" target=\"_self\" >Lilian&#8217;s report from the Research Workshop for Critical Geography 2017<\/a><\/h4>\n<div class=\"pt-cv-content\">The Bremen Research Workshop for Critical Geography started on a sunny Thursday afternoon (June 15) with an Assembly and Get-Together<\/div><\/div><\/div>\n<div class=\"col-md-4 col-sm-12 col-xs-12 pt-cv-content-item pt-cv-1-col\" data-groups=\"category-1 post_tag-87 category-72 post_tag-92 post_tag-88 post_tag-89\" data-pid=\"1361\"><div class='pt-cv-ifield'><a href=\"https:\/\/ipe.hr\/en\/activities\/ipe-at-the-international-municipal-summit-fearless-cities\/\" class=\"_self pt-cv-href-thumbnail pt-cv-thumb-default cvplbd\" target=\"_self\" ><img width=\"760\" height=\"407\" src=\"https:\/\/ipe.hr\/wp-content\/uploads\/2017\/08\/barccovermali.png\" class=\"pt-cv-thumbnail img-none no-lazyload \" alt=\"IPE at the International Municipal Summit &quot;Fearless Cities&quot;\" loading=\"lazy\" \/><\/a>\n<div class=\"pt-cv-meta-fields\"><span class=\"entry-date\"> <time datetime=\"2017-06-25T15:58:18+02:00\">25\/06\/2017<\/time><\/span><\/div>\n<h4 class=\"pt-cv-title\"><a href=\"https:\/\/ipe.hr\/en\/activities\/ipe-at-the-international-municipal-summit-fearless-cities\/\" class=\"_self cvplbd\" target=\"_self\" >IPE at the International Municipal Summit &#8220;Fearless Cities&#8221;<\/a><\/h4>\n<div class=\"pt-cv-content\">From 9 to 11 June, Vedran Horvat and Tomislav Toma\u0161evi\u0107 attended the International Municipal Summit\u00a0\"Fearless Cities\" \u00a0in Barcelona. The summit<\/div><\/div><\/div>\n<div class=\"col-md-4 col-sm-12 col-xs-12 pt-cv-content-item pt-cv-1-col\" data-groups=\"category-1 post_tag-91 category-72 category-15 post_tag-84\" data-pid=\"822\"><div class='pt-cv-ifield'><a href=\"https:\/\/ipe.hr\/en\/activities\/danijela-dolenec-time-for-the-left-to-pick-up-the-challenge\/\" class=\"_self pt-cv-href-thumbnail pt-cv-thumb-default cvplbd\" target=\"_self\" ><img width=\"764\" height=\"406\" src=\"https:\/\/ipe.hr\/wp-content\/uploads\/2017\/06\/danijelaedge.png\" class=\"pt-cv-thumbnail img-none no-lazyload \" alt=\"Danijela Dolenec: &quot;Time for the Left to pick up the challenge&quot;\" loading=\"lazy\" \/><\/a>\n<div class=\"pt-cv-meta-fields\"><span class=\"entry-date\"> <time datetime=\"2017-06-21T12:01:56+02:00\">21\/06\/2017<\/time><\/span><\/div>\n<h4 class=\"pt-cv-title\"><a href=\"https:\/\/ipe.hr\/en\/activities\/danijela-dolenec-time-for-the-left-to-pick-up-the-challenge\/\" class=\"_self cvplbd\" target=\"_self\" >Danijela Dolenec: &#8220;Time for the Left to pick up the challenge&#8221;<\/a><\/h4>\n<div class=\"pt-cv-content\">Danijela Dolenec, president of IPE's Managing Board, spoke at the panel \"Systemic Alternatives Across Borders - Thinking Backwards from Utopia\"\u00a0at<\/div><\/div><\/div>\n<div class=\"col-md-4 col-sm-12 col-xs-12 pt-cv-content-item pt-cv-1-col\" data-groups=\"category-1 post_tag-82 category-74 post_tag-81\" data-pid=\"641\"><div class='pt-cv-ifield'><a href=\"https:\/\/ipe.hr\/en\/activities\/ecology-and-justice-e-book\/\" class=\"_self pt-cv-href-thumbnail pt-cv-thumb-default cvplbd\" target=\"_self\" ><img width=\"764\" height=\"406\" src=\"https:\/\/ipe.hr\/wp-content\/uploads\/2017\/06\/ecojus764-2.png\" class=\"pt-cv-thumbnail img-none no-lazyload \" alt=\"&quot;Ecology and Justice&quot; E-book\" loading=\"lazy\" \/><\/a>\n<div class=\"pt-cv-meta-fields\"><span class=\"entry-date\"> <time datetime=\"2017-06-06T11:26:18+02:00\">06\/06\/2017<\/time><\/span><\/div>\n<h4 class=\"pt-cv-title\"><a href=\"https:\/\/ipe.hr\/en\/activities\/ecology-and-justice-e-book\/\" class=\"_self cvplbd\" target=\"_self\" >&#8220;Ecology and Justice&#8221; E-book<\/a><\/h4>\n<div class=\"pt-cv-content\">You can now download the \"Ecology and Justice\" e-book from IPE's website. The publication was edited by Mladen Domazet, and<\/div><\/div><\/div>\n<div class=\"col-md-4 col-sm-12 col-xs-12 pt-cv-content-item pt-cv-1-col\" data-groups=\"category-1 category-16 post_tag-79 category-71\" data-pid=\"255\"><div class='pt-cv-ifield'><a href=\"https:\/\/ipe.hr\/en\/activities\/green-academy-good-city-for-all\/\" class=\"_self pt-cv-href-thumbnail pt-cv-thumb-default cvplbd\" target=\"_self\" ><img width=\"770\" height=\"407\" src=\"https:\/\/ipe.hr\/wp-content\/uploads\/2017\/03\/goodcitycover.png\" class=\"pt-cv-thumbnail img-none no-lazyload \" alt=\"Green Academy &quot;Good city for all&quot;\" loading=\"lazy\" \/><\/a>\n<div class=\"pt-cv-meta-fields\"><span class=\"entry-date\"> <time datetime=\"2017-03-21T11:23:18+01:00\">21\/03\/2017<\/time><\/span><\/div>\n<h4 class=\"pt-cv-title\"><a href=\"https:\/\/ipe.hr\/en\/activities\/green-academy-good-city-for-all\/\" class=\"_self cvplbd\" target=\"_self\" >Green Academy &#8220;Good city for all&#8221;<\/a><\/h4>\n<div class=\"pt-cv-content\">From the 24th to the 26th of March IPE will organize the Green Academy winter seminar \"Good city for all\"<\/div><\/div><\/div>\n<div class=\"col-md-4 col-sm-12 col-xs-12 pt-cv-content-item pt-cv-1-col\" data-groups=\"category-1 category-78 post_tag-20 category-75\" data-pid=\"221\"><div class='pt-cv-ifield'><a href=\"https:\/\/ipe.hr\/en\/activities\/call-for-junior-fellowship-in-2017\/\" class=\"_self pt-cv-href-thumbnail pt-cv-thumb-default cvplbd\" target=\"_self\" ><img width=\"770\" height=\"410\" src=\"https:\/\/ipe.hr\/wp-content\/uploads\/2017\/01\/fellowship17.png\" class=\"pt-cv-thumbnail img-none no-lazyload \" alt=\"Call for junior fellowship in 2017\" loading=\"lazy\" \/><\/a>\n<div class=\"pt-cv-meta-fields\"><span class=\"entry-date\"> <time datetime=\"2017-01-25T23:36:37+01:00\">25\/01\/2017<\/time><\/span><\/div>\n<h4 class=\"pt-cv-title\"><a href=\"https:\/\/ipe.hr\/en\/activities\/call-for-junior-fellowship-in-2017\/\" class=\"_self cvplbd\" target=\"_self\" >Call for junior fellowship in 2017<\/a><\/h4>\n<div class=\"pt-cv-content\">IPE is happy to announce next Call for junior fellowship in 2017. We are able to host one young researcher<\/div><\/div><\/div>\n<div class=\"col-md-4 col-sm-12 col-xs-12 pt-cv-content-item pt-cv-1-col\" data-groups=\"post_tag-85 category-4 category-71 post_tag-27 post_tag-81\" data-pid=\"159\"><div class='pt-cv-ifield'><a href=\"https:\/\/ipe.hr\/en\/events\/fifth-international-degrowth-conference-in-budapest-2016\/\" class=\"_self pt-cv-href-thumbnail pt-cv-thumb-default cvplbd\" target=\"_self\" ><img width=\"764\" height=\"416\" src=\"https:\/\/ipe.hr\/wp-content\/uploads\/2016\/08\/week.png\" class=\"pt-cv-thumbnail img-none no-lazyload \" alt=\"Fifth International Degrowth Conference in Budapest 2016\" loading=\"lazy\" \/><\/a>\n<div class=\"pt-cv-meta-fields\"><span class=\"entry-date\"> <time datetime=\"2016-08-30T22:03:24+02:00\">30\/08\/2016<\/time><\/span><\/div>\n<h4 class=\"pt-cv-title\"><a href=\"https:\/\/ipe.hr\/en\/events\/fifth-international-degrowth-conference-in-budapest-2016\/\" class=\"_self cvplbd\" target=\"_self\" >Fifth International Degrowth Conference in Budapest 2016<\/a><\/h4>\n<div class=\"pt-cv-content\">After Leipzig in 2014, more than 600 researchers and scientists from South America and Europe, as well as Japan and<\/div><\/div><\/div>\n<div class=\"col-md-4 col-sm-12 col-xs-12 pt-cv-content-item pt-cv-1-col\" data-groups=\"category-1 category-4 category-16 post_tag-79 category-71\" data-pid=\"132\"><div class='pt-cv-ifield'><a href=\"https:\/\/ipe.hr\/en\/activities\/green-academy-2020-tipping-points\/\" class=\"_self pt-cv-href-thumbnail pt-cv-thumb-default cvplbd\" target=\"_self\" ><img width=\"770\" height=\"410\" src=\"https:\/\/ipe.hr\/wp-content\/uploads\/2016\/06\/akademija.png\" class=\"pt-cv-thumbnail img-none no-lazyload \" alt=\"Green Academy 2020: Tipping Points\" loading=\"lazy\" \/><\/a>\n<div class=\"pt-cv-meta-fields\"><span class=\"entry-date\"> <time datetime=\"2016-08-20T21:52:19+02:00\">20\/08\/2016<\/time><\/span><\/div>\n<h4 class=\"pt-cv-title\"><a href=\"https:\/\/ipe.hr\/en\/activities\/green-academy-2020-tipping-points\/\" class=\"_self cvplbd\" target=\"_self\" >Green Academy 2020: Tipping Points<\/a><\/h4>\n<div class=\"pt-cv-content\">The Institute for Political Ecology and its partners are opening a Call for applications for the 5th edition of Green<\/div><\/div><\/div>\n<div class=\"col-md-4 col-sm-12 col-xs-12 pt-cv-content-item pt-cv-1-col\" data-groups=\"category-1 category-16 post_tag-79 category-71 category-15 post_tag-84 post_tag-89\" data-pid=\"863\"><div class='pt-cv-ifield'><a href=\"https:\/\/ipe.hr\/en\/activities\/green-academys-winter-seminar-2016-panel-new-politics-for-the-left\/\" class=\"_self pt-cv-href-thumbnail pt-cv-thumb-default cvplbd\" target=\"_self\" ><img width=\"760\" height=\"407\" src=\"https:\/\/ipe.hr\/wp-content\/uploads\/2016\/08\/zs1g2.png\" class=\"pt-cv-thumbnail img-none no-lazyload \" alt=\"Green Academy&#039;s Winter Seminar 2016: panel &quot;New Politics for the Left&quot;\" loading=\"lazy\" \/><\/a>\n<div class=\"pt-cv-meta-fields\"><span class=\"entry-date\"> <time datetime=\"2016-08-05T11:29:03+02:00\">05\/08\/2016<\/time><\/span><\/div>\n<h4 class=\"pt-cv-title\"><a href=\"https:\/\/ipe.hr\/en\/activities\/green-academys-winter-seminar-2016-panel-new-politics-for-the-left\/\" class=\"_self cvplbd\" target=\"_self\" >Green Academy&#8217;s Winter Seminar 2016: panel &#8220;New Politics for the Left&#8221;<\/a><\/h4>\n<div class=\"pt-cv-content\">The third panel of Green Academy's Winter Seminar 2016 had \"New Politics for the Left\" as its subject. With Vedran<\/div><\/div><\/div>\n<div class=\"col-md-4 col-sm-12 col-xs-12 pt-cv-content-item pt-cv-1-col\" data-groups=\"category-1 post_tag-83 category-16 post_tag-79 category-71 category-15 post_tag-88\" data-pid=\"861\"><div class='pt-cv-ifield'><a href=\"https:\/\/ipe.hr\/en\/activities\/green-academys-winter-seminar-2016-panel-political-action-examples-from-the-eu-periphery\/\" class=\"_self pt-cv-href-thumbnail pt-cv-thumb-default cvplbd\" target=\"_self\" ><img width=\"760\" height=\"407\" src=\"https:\/\/ipe.hr\/wp-content\/uploads\/2017\/07\/zs2g.png\" class=\"pt-cv-thumbnail img-none no-lazyload \" alt=\"Green Academy&#039;s Winter Seminar 2016: panel &quot;Political Action: Examples from the EU Periphery&quot;\" loading=\"lazy\" \/><\/a>\n<div class=\"pt-cv-meta-fields\"><span class=\"entry-date\"> <time datetime=\"2016-08-05T11:25:56+02:00\">05\/08\/2016<\/time><\/span><\/div>\n<h4 class=\"pt-cv-title\"><a href=\"https:\/\/ipe.hr\/en\/activities\/green-academys-winter-seminar-2016-panel-political-action-examples-from-the-eu-periphery\/\" class=\"_self cvplbd\" target=\"_self\" >Green Academy&#8217;s Winter Seminar 2016: panel &#8220;Political Action: Examples from the EU Periphery&#8221;<\/a><\/h4>\n<div class=\"pt-cv-content\">\"Political Action: Examples from the EU Periphery\", the second panel of Winter Seminar 2016, was moderated by\u00a0Tomislav Toma\u0161evi\u0107. The speakers<\/div><\/div><\/div>\n<div class=\"col-md-4 col-sm-12 col-xs-12 pt-cv-content-item pt-cv-1-col\" data-groups=\"category-1 category-16 post_tag-79 category-71 category-15\" data-pid=\"858\"><div class='pt-cv-ifield'><a href=\"https:\/\/ipe.hr\/en\/activities\/green-academys-winter-seminar-2016-panel-avenues-of-alternative-economic-thoughtpolicy-in-europe\/\" class=\"_self pt-cv-href-thumbnail pt-cv-thumb-default cvplbd\" target=\"_self\" ><img width=\"760\" height=\"407\" src=\"https:\/\/ipe.hr\/wp-content\/uploads\/2017\/07\/zs3g.png\" class=\"pt-cv-thumbnail img-none no-lazyload \" alt=\"Green Academy&#039;s Winter Seminar 2016: panel &quot;Avenues of Alternative Economic Thought\/Policy in Europe&quot;\" loading=\"lazy\" \/><\/a>\n<div class=\"pt-cv-meta-fields\"><span class=\"entry-date\"> <time datetime=\"2016-08-05T11:22:41+02:00\">05\/08\/2016<\/time><\/span><\/div>\n<h4 class=\"pt-cv-title\"><a href=\"https:\/\/ipe.hr\/en\/activities\/green-academys-winter-seminar-2016-panel-avenues-of-alternative-economic-thoughtpolicy-in-europe\/\" class=\"_self cvplbd\" target=\"_self\" >Green Academy&#8217;s Winter Seminar 2016: panel &#8220;Avenues of Alternative Economic Thought\/Policy in Europe&#8221;<\/a><\/h4>\n<div class=\"pt-cv-content\">The first panel of this year's Green Academy's Winter Seminar was \"Avenues of Alternative Economic Thought\/Policy in Europe\". The panel<\/div><\/div><\/div>\n<div class=\"col-md-4 col-sm-12 col-xs-12 pt-cv-content-item pt-cv-1-col\" data-groups=\"category-1 post_tag-91 category-16 post_tag-79 category-71 category-15 post_tag-89\" data-pid=\"856\"><div class='pt-cv-ifield'><a href=\"https:\/\/ipe.hr\/en\/activities\/green-academys-winter-seminar-2016-introductory-notes\/\" class=\"_self pt-cv-href-thumbnail pt-cv-thumb-default cvplbd\" target=\"_self\" ><img width=\"760\" height=\"407\" src=\"https:\/\/ipe.hr\/wp-content\/uploads\/2017\/07\/zsg.png\" class=\"pt-cv-thumbnail img-none no-lazyload \" alt=\"Green Academy&#039;s Winter Seminar 2016: introductory notes\" loading=\"lazy\" \/><\/a>\n<div class=\"pt-cv-meta-fields\"><span class=\"entry-date\"> <time datetime=\"2016-08-05T11:20:43+02:00\">05\/08\/2016<\/time><\/span><\/div>\n<h4 class=\"pt-cv-title\"><a href=\"https:\/\/ipe.hr\/en\/activities\/green-academys-winter-seminar-2016-introductory-notes\/\" class=\"_self cvplbd\" target=\"_self\" >Green Academy&#8217;s Winter Seminar 2016: introductory notes<\/a><\/h4>\n<div class=\"pt-cv-content\">Green Academy's 2016 Winter Seminar, \"New Economic Thought, Policies and Practices for Green-Left Alliances\", was opened with introductory notes by\u00a0Vedran<\/div><\/div><\/div>\n<div class=\"col-md-4 col-sm-12 col-xs-12 pt-cv-content-item pt-cv-1-col\" data-groups=\"category-1 category-16 post_tag-79 category-71\" data-pid=\"202\"><div class='pt-cv-ifield'><a href=\"https:\/\/ipe.hr\/en\/activities\/green-academy-2020-tipping-points-list-of-selected-applicants\/\" class=\"_self pt-cv-href-thumbnail pt-cv-thumb-default cvplbd\" target=\"_self\" ><img width=\"770\" height=\"410\" src=\"https:\/\/ipe.hr\/wp-content\/uploads\/2016\/06\/akademija.png\" class=\"pt-cv-thumbnail img-none no-lazyload \" alt=\"Green Academy 2020 \u2013 Tipping points \/ List of selected applicants\" loading=\"lazy\" \/><\/a>\n<div class=\"pt-cv-meta-fields\"><span class=\"entry-date\"> <time datetime=\"2016-07-20T19:27:36+02:00\">20\/07\/2016<\/time><\/span><\/div>\n<h4 class=\"pt-cv-title\"><a href=\"https:\/\/ipe.hr\/en\/activities\/green-academy-2020-tipping-points-list-of-selected-applicants\/\" class=\"_self cvplbd\" target=\"_self\" >Green Academy 2020 \u2013 Tipping points \/ List of selected applicants<\/a><\/h4>\n<div class=\"pt-cv-content\">Call for applications for Green Academy 2020 - Tipping Points was closed on July 10. Hereby we publish the selection<\/div><\/div><\/div><\/div><\/div><\/div>\t\t\t<style type=\"text\/css\" id=\"pt-cv-inline-style-65b2400v56\">#pt-cv-filter-bar-3605dec653-category { margin-bottom: 30px !important; }\n#pt-cv-filter-bar-3605dec653-post_tag { margin-bottom: 30px !important; }\n#pt-cv-view-3605dec653.pt-cv-post-border { margin: 0; border-top-width: 1px; border-left-width: 1px }\n#pt-cv-view-3605dec653.pt-cv-post-border { margin: 0; border-top-style: solid; border-left-style: solid }\n#pt-cv-view-3605dec653.pt-cv-post-border .pt-cv-content-item   { border-right-width: 1px; border-bottom-width: 1px; border-right-style: solid; border-bottom-style: solid; }\n#pt-cv-view-3605dec653 .pt-cv-title a, #pt-cv-view-3605dec653  .panel-title { font-size: 19px !important; line-height: 1.3 !important; color: #203131 !important; }\n#pt-cv-view-3605dec653  .pt-cv-title a:hover, #pt-cv-view-3605dec653  .panel-title:hover   { color: #539436 !important; }\n#pt-cv-view-3605dec653 .pt-cv-content , #pt-cv-view-3605dec653  .pt-cv-content *:not(.pt-cv-readmore):not(style):not(script) { font-size: 14px !important; line-height: 1.3 !important; }\n#pt-cv-view-3605dec653  .pt-cv-hover-wrapper::before   { background-color: rgba(51,51,51,.6) !important; }\n#pt-cv-view-3605dec653:not(.pt-cv-nohover) .pt-cv-mask *   { color: #fff; }\n#pt-cv-view-3605dec653 .pt-cv-carousel-caption  { background-color: rgba(51,51,51,.6) !important; }\n#pt-cv-view-3605dec653 .pt-cv-meta-fields * { font-size: 14px !important; line-height: 1.3 !important; color: #539436 !important; }\n#pt-cv-view-3605dec653 .pt-cv-specialp { background-color: #CC3333 !important }\n#pt-cv-view-3605dec653 .pt-cv-specialp * { color: #fff !important; }\n#pt-cv-view-3605dec653 .pt-cv-pficon  { color: #bbb !important; }\n#pt-cv-view-3605dec653  .add_to_cart_button, #pt-cv-view-3605dec653  .add_to_cart_button *   { color: #ffffff !important; background-color: #00aeef !important; }\n#pt-cv-view-3605dec653  .woocommerce-onsale   { color: #ffffff !important; background-color: #ff5a5f !important; }\n#pt-cv-view-3605dec653 .pt-cv-readmore  { color: #ffffff !important; background-color: #00aeef !important; }\n#pt-cv-view-3605dec653 .pt-cv-readmore:hover  { color: #ffffff !important; background-color: #00aeef !important; }\n#pt-cv-view-3605dec653  + .pt-cv-pagination-wrapper .pt-cv-more , #pt-cv-view-3605dec653  + .pt-cv-pagination-wrapper .pagination .active a { color: #ffffff !important; background-color: #00aeef !important; }\n[id^='pt-cv-filter-bar-3605dec653'] .pt-cv-filter-option, [id^='pt-cv-filter-bar-3605dec653'] .dropdown-menu   { font-family: 'Francois One', Arial, serif !important; font-size: 14px !important; line-height: 1.3 !important; background-color: #f7faf4 !important; }\n[id^='pt-cv-filter-bar-3605dec653'] .active.pt-cv-filter-option, [id^='pt-cv-filter-bar-3605dec653'] .active .pt-cv-filter-option, [id^='pt-cv-filter-bar-3605dec653'] .selected.pt-cv-filter-option, [id^='pt-cv-filter-bar-3605dec653'] .dropdown-toggle   { color: #fff !important; background-color: #81c241 !important; text-transform: uppercase !important; }\n[id^='pt-cv-filter-bar-3605dec653'] .pt-cv-filter-title   { color: #fff !important; background-color: #00aeef !important; }\n#pt-cv-gls-3605dec653 li a   { font-weight: 600 !important; }\n#pt-cv-gls-3605dec653 li a.pt-active   { color: #fff !important; background-color: #ff5a5f !important; }\n#pt-cv-view-3605dec653 .pt-cv-gls-header  { background-color: #00aeef !important; }<\/style>\r\n\t\t\t<link href='\/\/fonts.googleapis.com\/css?family=Francois+One' rel='stylesheet' type='text\/css'>\n","protected":false},"excerpt":{"rendered":"","protected":false},"author":2,"featured_media":0,"parent":0,"menu_order":0,"comment_status":"closed","ping_status":"closed","template":"","meta":{"inline_featured_image":false},"categories":[],"tags":[],"_links":{"self":[{"href":"https:\/\/ipe.hr\/en\/wp-json\/wp\/v2\/pages\/1647"}],"collection":[{"href":"https:\/\/ipe.hr\/en\/wp-json\/wp\/v2\/pages"}],"about":[{"href":"https:\/\/ipe.hr\/en\/wp-json\/wp\/v2\/types\/page"}],"author":[{"embeddable":true,"href":"https:\/\/ipe.hr\/en\/wp-json\/wp\/v2\/users\/2"}],"replies":[{"embeddable":true,"href":"https:\/\/ipe.hr\/en\/wp-json\/wp\/v2\/comments?post=1647"}],"version-history":[{"count":3,"href":"https:\/\/ipe.hr\/en\/wp-json\/wp\/v2\/pages\/1647\/revisions"}],"predecessor-version":[{"id":4947,"href":"https:\/\/ipe.hr\/en\/wp-json\/wp\/v2\/pages\/1647\/revisions\/4947"}],"wp:attachment":[{"href":"https:\/\/ipe.hr\/en\/wp-json\/wp\/v2\/media?parent=1647"}],"wp:term":[{"taxonomy":"category","embeddable":true,"href":"https:\/\/ipe.hr\/en\/wp-json\/wp\/v2\/categories?post=1647"},{"taxonomy":"post_tag","embeddable":true,"href":"https:\/\/ipe.hr\/en\/wp-json\/wp\/v2\/tags?post=1647"}],"curies":[{"name":"wp","href":"https:\/\/api.w.org\/{rel}","templated":true}]}}